{"id":1016,"date":"2015-10-05T11:15:03","date_gmt":"2015-10-05T11:15:03","guid":{"rendered":"http:\/\/avvdelicias.org\/?page_id=1016"},"modified":"2026-03-11T18:41:12","modified_gmt":"2026-03-11T18:41:12","slug":"conocenos","status":"publish","type":"page","link":"https:\/\/avvdelicias.org\/?page_id=1016","title":{"rendered":"Con\u00f3cenos"},"content":{"rendered":"<p>[et_pb_section fb_built=\u00bb1&#8243; custom_padding_last_edited=\u00bbon|desktop\u00bb admin_label=\u00bbsection\u00bb _builder_version=\u00bb3.22&#8243; background_color=\u00bb#eaeaea\u00bb custom_padding_tablet=\u00bb50px|0|50px|0&#8243; custom_padding_phone=\u00bb\u00bb transparent_background=\u00bboff\u00bb padding_mobile=\u00bboff\u00bb make_fullwidth=\u00bboff\u00bb use_custom_width=\u00bboff\u00bb width_unit=\u00bbon\u00bb custom_width_px=\u00bb1080px\u00bb custom_width_percent=\u00bb80%\u00bb][et_pb_row admin_label=\u00bbrow\u00bb _builder_version=\u00bb3.25&#8243; background_size=\u00bbinitial\u00bb background_position=\u00bbtop_left\u00bb background_repeat=\u00bbrepeat\u00bb make_fullwidth=\u00bboff\u00bb use_custom_width=\u00bboff\u00bb width_unit=\u00bboff\u00bb custom_width_px=\u00bb1080px\u00bb custom_width_percent=\u00bb80%\u00bb][et_pb_column type=\u00bb4_4&#8243; _builder_version=\u00bb3.25&#8243; custom_padding=\u00bb|||\u00bb custom_padding__hover=\u00bb|||\u00bb][et_pb_text admin_label=\u00bbTexto\u00bb _builder_version=\u00bb3.27.4&#8243; background_size=\u00bbinitial\u00bb background_position=\u00bbtop_left\u00bb background_repeat=\u00bbrepeat\u00bb use_border_color=\u00bboff\u00bb border_style=\u00bbsolid\u00bb]Somos una organizaci\u00f3n de personas que vivimos en el mismo barrio, que <strong>buscamos soluciones a los problemas que tenemos como vecinos<\/strong>.\u00a0Desde su fundaci\u00f3n en 1986, \u00a0la Asociaci\u00f3n de Vecinos de Delicias \u00abManuel Viola\u00bb lleva trabajando\u00a0en el barrio, prestando atenci\u00f3n a la aparici\u00f3n de nuevos problemas ciudadanos, desarrollando proyectos y presentando propuestas de intervenci\u00f3n.<\/p>\n<p>Con el paso del tiempo, la realidad del barrio ha ido cambiando y la Asociaci\u00f3n, tanto su organizaci\u00f3n como los que temas en que trabaja se han ido adaptando a las nuevas circunstancias. Nuestra finalidad sigue siendo la de promover la participaci\u00f3n de los vecinos y vecinas, implic\u00e1ndolos en la soluci\u00f3n de problemas y favoreciendo una mejor calidad de vida. Las palabras clave que nos definen ser\u00edan: <strong>participaci\u00f3n, reivindicaci\u00f3n, ciudadan\u00eda, aprendizaje, comunidad y mejora.<\/strong><\/p>\n<p>Las grandes l\u00edneas de trabajo son las siguientes:<\/p>\n<ol>\n<li><strong>Reivindicaci\u00f3n<\/strong> de mejoras para el barrio.<\/li>\n<li><strong>Informaci\u00f3n y prestaci\u00f3n de servicios<\/strong> \u00a0a los vecinos.<\/li>\n<li><strong>Gesti\u00f3n de proyectos<\/strong> de inter\u00e9s para los vecinos relacionados con \u00a0salud, medio ambiente, promoci\u00f3n de la participaci\u00f3n, diversidad cultural, acci\u00f3n social, cultura, servicios de informaci\u00f3n \u00a0atenci\u00f3n, denuncias, asesor\u00eda jur\u00eddica, pr\u00e9stamo de aceite dom\u00e9stico usado y pilas.<\/li>\n<\/ol>\n<p>[\/et_pb_text][\/et_pb_column][\/et_pb_row][\/et_pb_section][et_pb_section fb_built=\u00bb1&#8243; _builder_version=\u00bb4.5.3&#8243; _module_preset=\u00bbdefault\u00bb][et_pb_row column_structure=\u00bb1_2,1_2&#8243; _builder_version=\u00bb4.5.3&#8243; _module_preset=\u00bbdefault\u00bb min_height=\u00bb524.5px\u00bb custom_margin=\u00bb|auto|-130px|auto||\u00bb][et_pb_column type=\u00bb1_2&#8243; _builder_version=\u00bb4.5.3&#8243; _module_preset=\u00bbdefault\u00bb][et_pb_cta button_url=\u00bbhttps:\/\/avvdelicias.org\/wp-content\/uploads\/2026\/03\/MEMORIA-Asociacion-Vecinal-Delicias-22Manuel-Viola22-2025.pdf\u00bb button_text=\u00bbM\u00e1s informaci\u00f3n\u00bb _builder_version=\u00bb4.5.3&#8243; _module_preset=\u00bbdefault\u00bb use_background_color=\u00bboff\u00bb background_layout=\u00bblight\u00bb min_height=\u00bb447.3px\u00bb custom_padding=\u00bb||0px|||\u00bb]<\/p>\n<p><img decoding=\"async\" loading=\"lazy\" src=\"http:\/\/avvdelicias.org\/wp-content\/uploads\/2026\/03\/image-1.jpeg\" width=\"305\" height=\"431\" alt=\"\" class=\"wp-image-7410 aligncenter size-full\" \/><\/p>\n<p>[\/et_pb_cta][\/et_pb_column][et_pb_column type=\u00bb1_2&#8243; _builder_version=\u00bb4.5.3&#8243; _module_preset=\u00bbdefault\u00bb][et_pb_button button_text=\u00bbMEMORIA ECON\u00d3MICA 2025&#8243; _builder_version=\u00bb4.5.3&#8243; _module_preset=\u00bbdefault\u00bb custom_button=\u00bbon\u00bb button_bg_color=\u00bb#0c71c3&#8243; background_layout=\u00bbdark\u00bb hover_enabled=\u00bb0&#8243; button_url=\u00bbhttp:\/\/avvdelicias.org\/wp-content\/uploads\/2026\/03\/2025-Informe-economico-Definitivo.pdf\u00bb][\/et_pb_button][\/et_pb_column][\/et_pb_row][et_pb_row column_structure=\u00bb1_2,1_2&#8243; _builder_version=\u00bb4.5.3&#8243; _module_preset=\u00bbdefault\u00bb background_color=\u00bb#ffffff\u00bb min_height=\u00bb321.6px\u00bb custom_margin=\u00bb|auto|-33px|auto||\u00bb custom_padding=\u00bb0px|||||\u00bb][et_pb_column type=\u00bb1_2&#8243; _builder_version=\u00bb4.5.3&#8243; _module_preset=\u00bbdefault\u00bb][et_pb_cta button_url=\u00bbhttps:\/\/avvdelicias.org\/wp-content\/uploads\/2025\/03\/MEMORIA-Asociacion-Vecinal-Delicias-Manuel-Viola-2024-comprimido.pdf\u00bb button_text=\u00bbM\u00e1s informaci\u00f3n\u00bb _builder_version=\u00bb4.5.3&#8243; _module_preset=\u00bbdefault\u00bb header_text_color=\u00bb#e02b20&#8243; background_color=\u00bb#ffffff\u00bb background_image=\u00bbhttp:\/\/avvdelicias.org\/wp-content\/uploads\/2025\/03\/portada-memoria2024.jpg\u00bb parallax=\u00bbon\u00bb custom_button=\u00bbon\u00bb button_text_color=\u00bb#e02b20&#8243; button_bg_color=\u00bbrgba(0,0,0,0)\u00bb background_layout=\u00bblight\u00bb custom_padding=\u00bb0px|||||\u00bb]<\/p>\n<p>&nbsp;<\/p>\n<p>&nbsp;<\/p>\n<p>&nbsp;<\/p>\n<p>&nbsp;<\/p>\n<p>&nbsp;<\/p>\n<p>&nbsp;<\/p>\n<p>[\/et_pb_cta][\/et_pb_column][et_pb_column type=\u00bb1_2&#8243; _builder_version=\u00bb4.5.3&#8243; _module_preset=\u00bbdefault\u00bb][et_pb_cta button_text=\u00bbM\u00e1s informaci\u00f3n\u00bb _builder_version=\u00bb4.5.3&#8243; _module_preset=\u00bbdefault\u00bb background_color=\u00bb#f0b800&#8243; width=\u00bb100%\u00bb min_height=\u00bb152px\u00bb border_color_all=\u00bb#e09900&#8243;][\/et_pb_cta][\/et_pb_column][\/et_pb_row][et_pb_row column_structure=\u00bb1_2,1_2&#8243; _builder_version=\u00bb4.5.3&#8243; _module_preset=\u00bbdefault\u00bb][et_pb_column type=\u00bb1_2&#8243; _builder_version=\u00bb4.5.3&#8243; _module_preset=\u00bbdefault\u00bb][et_pb_cta title=\u00bbMEMORIA 2023&#8243; button_url=\u00bbhttp:\/\/avvdelicias.org\/wp-content\/uploads\/2024\/06\/MEMORIA-2023.pdf\u00bb button_text=\u00bbM\u00e1s informaci\u00f3n\u00bb _builder_version=\u00bb4.5.3&#8243; _module_preset=\u00bbdefault\u00bb background_color=\u00bb#ffffff\u00bb background_image=\u00bbhttp:\/\/avvdelicias.org\/wp-content\/uploads\/2024\/06\/portada-memoria.png\u00bb parallax=\u00bbon\u00bb]<\/p>\n<p>&nbsp;<\/p>\n<p>&nbsp;<\/p>\n<p>&nbsp;<\/p>\n<p>&nbsp;<\/p>\n<p>&nbsp;<\/p>\n<p>&nbsp;<\/p>\n<p>[\/et_pb_cta][\/et_pb_column][et_pb_column type=\u00bb1_2&#8243; _builder_version=\u00bb4.5.3&#8243; _module_preset=\u00bbdefault\u00bb][et_pb_cta title=\u00bbCUENTAS Anuales 2022-2023&#8243; button_url=\u00bbhttp:\/\/avvdelicias.org\/wp-content\/uploads\/2024\/03\/Cuentas-Anuales-2022-2023-1.pdf\u00bb button_text=\u00bbM\u00e1s informaci\u00f3n\u00bb _builder_version=\u00bb4.5.3&#8243; _module_preset=\u00bbdefault\u00bb background_color=\u00bb#f0b800&#8243; width=\u00bb100%\u00bb min_height=\u00bb152px\u00bb border_color_all=\u00bb#e09900&#8243;][\/et_pb_cta][\/et_pb_column][\/et_pb_row][et_pb_row column_structure=\u00bb1_2,1_2&#8243; _builder_version=\u00bb4.5.3&#8243; _module_preset=\u00bbdefault\u00bb][et_pb_column type=\u00bb1_2&#8243; _builder_version=\u00bb4.5.3&#8243; _module_preset=\u00bbdefault\u00bb][et_pb_cta title=\u00bbMEMORIA 2022&#8243; button_url=\u00bbhttp:\/\/avvdelicias.org\/wp-content\/uploads\/2024\/03\/MEMORIA2022.pdf\u00bb button_text=\u00bbMEMORIA 2022&#8243; _builder_version=\u00bb4.5.3&#8243; _module_preset=\u00bbdefault\u00bb background_image=\u00bbhttp:\/\/avvdelicias.org\/wp-content\/uploads\/2024\/03\/portadamemoria2022.jpg\u00bb background_size=\u00bbcontain\u00bb]<\/p>\n<p>&nbsp;<\/p>\n<p>&nbsp;<\/p>\n<p>&nbsp;<\/p>\n<p>&nbsp;<\/p>\n<p>&nbsp;<\/p>\n<p>&nbsp;<\/p>\n<p>[\/et_pb_cta][\/et_pb_column][et_pb_column type=\u00bb1_2&#8243; _builder_version=\u00bb4.5.3&#8243; _module_preset=\u00bbdefault\u00bb][et_pb_cta title=\u00bbCUENTAS Anuales 2022-2023&#8243; button_url=\u00bbhttp:\/\/avvdelicias.org\/wp-content\/uploads\/2024\/03\/Cuentas-Anuales-2022-2023-1.pdf\u00bb button_text=\u00bbM\u00e1s informaci\u00f3n\u00bb _builder_version=\u00bb4.5.3&#8243; _module_preset=\u00bbdefault\u00bb width=\u00bb100%\u00bb min_height=\u00bb152px\u00bb][\/et_pb_cta][\/et_pb_column][\/et_pb_row][\/et_pb_section][et_pb_section fb_built=\u00bb1&#8243; specialty=\u00bbon\u00bb admin_label=\u00bbSecci\u00f3n\u00bb _builder_version=\u00bb3.22&#8243; transparent_background=\u00bboff\u00bb make_fullwidth=\u00bboff\u00bb use_custom_width=\u00bboff\u00bb width_unit=\u00bboff\u00bb custom_width_px=\u00bb1080px\u00bb custom_width_percent=\u00bb80%\u00bb][et_pb_column type=\u00bb1_2&#8243; specialty_columns=\u00bb2&#8243; _builder_version=\u00bb3.25&#8243; custom_padding=\u00bb|||\u00bb custom_padding__hover=\u00bb|||\u00bb][et_pb_row_inner admin_label=\u00bbFila\u00bb _builder_version=\u00bb3.25&#8243; custom_padding=\u00bb|||2px||\u00bb][et_pb_column_inner saved_specialty_column_type=\u00bb1_2&#8243; _builder_version=\u00bb3.25&#8243; custom_padding=\u00bb|||\u00bb custom_padding__hover=\u00bb|||\u00bb][et_pb_text admin_label=\u00bbTexto\u00bb _builder_version=\u00bb3.27.4&#8243; background_size=\u00bbinitial\u00bb background_position=\u00bbtop_left\u00bb background_repeat=\u00bbrepeat\u00bb use_border_color=\u00bboff\u00bb border_style=\u00bbsolid\u00bb]<\/p>\n<h2><strong>Proyecto: <\/strong><\/h2>\n<h3><strong>Promoviendo la igualdad de trato y la no discriminaci\u00f3n en la Asociaci\u00f3n de Vecinos de Delicias \u00a8<em>Manuel Viola<\/em>\u00a8. <\/strong><\/h3>\n<p>El objetivo de este Proyecto es promover actuaciones dirigidas a la prevenci\u00f3n de la discriminaci\u00f3n favoreciendo la igualdad de trato que mejore la cohesi\u00f3n social, econ\u00f3mica y territorial.<\/p>\n<p>Desarrollamos seminarios, trabajando los rumores, prejuicios y estereotipos, analizando la discriminaci\u00f3n en el Barrio, conociendo las voces de nuestros vecinos y vecinas . Otra l\u00ednea de trabajo se relaciona con el empoderamiento de las personas de origen extranjero, adem\u00e1s de mantener un espacio de atenci\u00f3n e informaci\u00f3n para personas inmigrantes.<br \/>\n[\/et_pb_text][\/et_pb_column_inner][\/et_pb_row_inner][\/et_pb_column][et_pb_column type=\u00bb1_2&#8243; _builder_version=\u00bb3.25&#8243; custom_padding=\u00bb|||\u00bb custom_padding__hover=\u00bb|||\u00bb][et_pb_image src=\u00bbhttp:\/\/avvdelicias.org\/wp-content\/uploads\/2015\/10\/LOGOS-WEB2019.jpg\u00bb align_tablet=\u00bbcenter\u00bb align_phone=\u00bb\u00bb align_last_edited=\u00bbon|desktop\u00bb admin_label=\u00bbImagen\u00bb _builder_version=\u00bb3.23&#8243; animation_style=\u00bbslide\u00bb animation_direction=\u00bbleft\u00bb animation_duration=\u00bb500ms\u00bb animation_intensity_slide=\u00bb10%\u00bb use_border_color=\u00bboff\u00bb border_color=\u00bb#ffffff\u00bb border_width=\u00bb1px\u00bb border_style=\u00bbsolid\u00bb sticky=\u00bboff\u00bb always_center_on_mobile=\u00bbon\u00bb] [\/et_pb_image][et_pb_cta title=\u00bbInforme Econ\u00f3mico 2021&#8243; button_url=\u00bbhttp:\/\/avvdelicias.org\/wp-content\/uploads\/2022\/06\/Cuentas-Avvdel2021.pdf\u00bb url_new_window=\u00bbon\u00bb button_text=\u00bbInforme econ\u00f3mico 2021&#8243; admin_label=\u00bbLlamada a la acci\u00f3n\u00bb _builder_version=\u00bb3.16&#8243; background_color=\u00bb#7EBEC5&#8243; background_size=\u00bbinitial\u00bb background_position=\u00bbtop_left\u00bb background_repeat=\u00bbrepeat\u00bb text_orientation=\u00bbleft\u00bb background_layout=\u00bblight\u00bb use_border_color=\u00bboff\u00bb border_color=\u00bb#ffffff\u00bb border_style=\u00bbsolid\u00bb button_letter_spacing_hover=\u00bb0&#8243; button_text_size__hover_enabled=\u00bboff\u00bb button_one_text_size__hover_enabled=\u00bboff\u00bb button_two_text_size__hover_enabled=\u00bboff\u00bb button_text_color__hover_enabled=\u00bboff\u00bb button_one_text_color__hover_enabled=\u00bboff\u00bb button_two_text_color__hover_enabled=\u00bboff\u00bb button_border_width__hover_enabled=\u00bboff\u00bb button_one_border_width__hover_enabled=\u00bboff\u00bb button_two_border_width__hover_enabled=\u00bboff\u00bb button_border_color__hover_enabled=\u00bboff\u00bb button_one_border_color__hover_enabled=\u00bboff\u00bb button_two_border_color__hover_enabled=\u00bboff\u00bb button_border_radius__hover_enabled=\u00bboff\u00bb button_one_border_radius__hover_enabled=\u00bboff\u00bb button_two_border_radius__hover_enabled=\u00bboff\u00bb button_letter_spacing__hover_enabled=\u00bbon\u00bb button_letter_spacing__hover=\u00bb0&#8243; button_one_letter_spacing__hover_enabled=\u00bboff\u00bb button_two_letter_spacing__hover_enabled=\u00bboff\u00bb button_bg_color__hover_enabled=\u00bboff\u00bb button_one_bg_color__hover_enabled=\u00bboff\u00bb button_two_bg_color__hover_enabled=\u00bboff\u00bb] [\/et_pb_cta][\/et_pb_column][\/et_pb_section][et_pb_section fb_built=\u00bb1&#8243; admin_label=\u00bbsection\u00bb _builder_version=\u00bb3.22&#8243; transparent_background=\u00bboff\u00bb make_fullwidth=\u00bboff\u00bb use_custom_width=\u00bboff\u00bb width_unit=\u00bboff\u00bb custom_width_px=\u00bb1080px\u00bb custom_width_percent=\u00bb80%\u00bb][et_pb_row column_structure=\u00bb1_2,1_2&#8243; admin_label=\u00bbrow\u00bb _builder_version=\u00bb3.25&#8243; background_size=\u00bbinitial\u00bb background_position=\u00bbtop_left\u00bb background_repeat=\u00bbrepeat\u00bb make_fullwidth=\u00bboff\u00bb use_custom_width=\u00bboff\u00bb width_unit=\u00bboff\u00bb custom_width_px=\u00bb1080px\u00bb custom_width_percent=\u00bb80%\u00bb][et_pb_column type=\u00bb1_2&#8243; _builder_version=\u00bb3.25&#8243; custom_padding=\u00bb|||\u00bb custom_padding__hover=\u00bb|||\u00bb][et_pb_cta button_url=\u00bbhttp:\/\/avvdelicias.org\/wp-content\/uploads\/2022\/03\/Memoria-AVVDelicias2021.pdf\u00bb button_text=\u00bbMEMORIA 2021&#8243; admin_label=\u00bbLlamada a la acci\u00f3n\u00bb _builder_version=\u00bb3.16&#8243; background_color=\u00bb#7EBEC5&#8243; background_size=\u00bbinitial\u00bb background_position=\u00bbtop_left\u00bb background_repeat=\u00bbrepeat\u00bb text_orientation=\u00bbleft\u00bb use_border_color=\u00bboff\u00bb border_color=\u00bb#ffffff\u00bb border_style=\u00bbsolid\u00bb button_letter_spacing_hover=\u00bb0&#8243; button_text_size__hover_enabled=\u00bboff\u00bb button_one_text_size__hover_enabled=\u00bboff\u00bb button_two_text_size__hover_enabled=\u00bboff\u00bb button_text_color__hover_enabled=\u00bboff\u00bb button_one_text_color__hover_enabled=\u00bboff\u00bb button_two_text_color__hover_enabled=\u00bboff\u00bb button_border_width__hover_enabled=\u00bboff\u00bb button_one_border_width__hover_enabled=\u00bboff\u00bb button_two_border_width__hover_enabled=\u00bboff\u00bb button_border_color__hover_enabled=\u00bboff\u00bb button_one_border_color__hover_enabled=\u00bboff\u00bb button_two_border_color__hover_enabled=\u00bboff\u00bb button_border_radius__hover_enabled=\u00bboff\u00bb button_one_border_radius__hover_enabled=\u00bboff\u00bb button_two_border_radius__hover_enabled=\u00bboff\u00bb button_letter_spacing__hover_enabled=\u00bbon\u00bb button_letter_spacing__hover=\u00bb0&#8243; button_one_letter_spacing__hover_enabled=\u00bboff\u00bb button_two_letter_spacing__hover_enabled=\u00bboff\u00bb button_bg_color__hover_enabled=\u00bboff\u00bb button_one_bg_color__hover_enabled=\u00bboff\u00bb button_two_bg_color__hover_enabled=\u00bboff\u00bb]<a href=\"http:\/\/avvdelicias.org\/wp-content\/uploads\/2022\/03\/Memoria-AVVDelicias2021.pdf\" target=\"_blank\" rel=\"noopener\"><img decoding=\"async\" loading=\"lazy\" class=\"alignnone size-full wp-image-4491\" src=\"http:\/\/avvdelicias.org\/wp-content\/uploads\/2015\/10\/Sin-t\u00edtulo.jpg\" alt=\"Sin t\u00edtulo\" width=\"384\" height=\"365\" srcset=\"https:\/\/avvdelicias.org\/wp-content\/uploads\/2015\/10\/Sin-t\u00edtulo.jpg 384w, https:\/\/avvdelicias.org\/wp-content\/uploads\/2015\/10\/Sin-t\u00edtulo-300x285.jpg 300w\" sizes=\"(max-width: 384px) 100vw, 384px\" \/><\/a><br \/>\n[\/et_pb_cta][et_pb_cta button_url=\u00bbhttp:\/\/avvdelicias.org\/wp-content\/uploads\/2020\/07\/MEMORIA-2019.pdf\u00bb button_text=\u00bbMEMORIA 2019&#8243; admin_label=\u00bbLlamada a la acci\u00f3n\u00bb _builder_version=\u00bb3.16&#8243; background_color=\u00bb#ffffff\u00bb background_size=\u00bbinitial\u00bb background_position=\u00bbtop_left\u00bb background_repeat=\u00bbrepeat\u00bb background_layout=\u00bblight\u00bb use_border_color=\u00bboff\u00bb border_color=\u00bb#ffffff\u00bb border_width=\u00bb1px\u00bb border_style=\u00bbsolid\u00bb button_letter_spacing_hover=\u00bb0&#8243; button_text_size__hover_enabled=\u00bboff\u00bb button_one_text_size__hover_enabled=\u00bboff\u00bb button_two_text_size__hover_enabled=\u00bboff\u00bb button_text_color__hover_enabled=\u00bboff\u00bb button_one_text_color__hover_enabled=\u00bboff\u00bb button_two_text_color__hover_enabled=\u00bboff\u00bb button_border_width__hover_enabled=\u00bboff\u00bb button_one_border_width__hover_enabled=\u00bboff\u00bb button_two_border_width__hover_enabled=\u00bboff\u00bb button_border_color__hover_enabled=\u00bboff\u00bb button_one_border_color__hover_enabled=\u00bboff\u00bb button_two_border_color__hover_enabled=\u00bboff\u00bb button_border_radius__hover_enabled=\u00bboff\u00bb button_one_border_radius__hover_enabled=\u00bboff\u00bb button_two_border_radius__hover_enabled=\u00bboff\u00bb button_letter_spacing__hover_enabled=\u00bbon\u00bb button_letter_spacing__hover=\u00bb0&#8243; button_one_letter_spacing__hover_enabled=\u00bboff\u00bb button_two_letter_spacing__hover_enabled=\u00bboff\u00bb button_bg_color__hover_enabled=\u00bboff\u00bb button_one_bg_color__hover_enabled=\u00bboff\u00bb button_two_bg_color__hover_enabled=\u00bboff\u00bb]<\/p>\n<h2><strong><a href=\"?attachment_id=3757\">MEMORIA\u00a02019<\/a><\/strong><\/h2>\n<p><a href=\"wp-content\/uploads\/2015\/10\/MEMO2019.png\"><img decoding=\"async\" loading=\"lazy\" class=\"alignnone size-full wp-image-3756\" src=\"wp-content\/uploads\/2015\/10\/MEMO2019.png\" alt=\"MEMO2019\" width=\"536\" height=\"504\" srcset=\"https:\/\/avvdelicias.org\/wp-content\/uploads\/2015\/10\/MEMO2019.png 536w, https:\/\/avvdelicias.org\/wp-content\/uploads\/2015\/10\/MEMO2019-300x282.png 300w\" sizes=\"(max-width: 536px) 100vw, 536px\" \/><\/a><br \/>\n[\/et_pb_cta][et_pb_cta admin_label=\u00bbLlamada a la acci\u00f3n\u00bb _builder_version=\u00bb3.16&#8243; background_color=\u00bb#ffffff\u00bb background_size=\u00bbinitial\u00bb background_position=\u00bbtop_left\u00bb background_repeat=\u00bbrepeat\u00bb background_layout=\u00bblight\u00bb use_border_color=\u00bboff\u00bb border_color=\u00bb#ffffff\u00bb border_width=\u00bb1px\u00bb border_style=\u00bbsolid\u00bb button_letter_spacing_hover=\u00bb0&#8243; button_text_size__hover_enabled=\u00bboff\u00bb button_one_text_size__hover_enabled=\u00bboff\u00bb button_two_text_size__hover_enabled=\u00bboff\u00bb button_text_color__hover_enabled=\u00bboff\u00bb button_one_text_color__hover_enabled=\u00bboff\u00bb button_two_text_color__hover_enabled=\u00bboff\u00bb button_border_width__hover_enabled=\u00bboff\u00bb button_one_border_width__hover_enabled=\u00bboff\u00bb button_two_border_width__hover_enabled=\u00bboff\u00bb button_border_color__hover_enabled=\u00bboff\u00bb button_one_border_color__hover_enabled=\u00bboff\u00bb button_two_border_color__hover_enabled=\u00bboff\u00bb button_border_radius__hover_enabled=\u00bboff\u00bb button_one_border_radius__hover_enabled=\u00bboff\u00bb button_two_border_radius__hover_enabled=\u00bboff\u00bb button_letter_spacing__hover_enabled=\u00bbon\u00bb button_letter_spacing__hover=\u00bb0&#8243; button_one_letter_spacing__hover_enabled=\u00bboff\u00bb button_two_letter_spacing__hover_enabled=\u00bboff\u00bb button_bg_color__hover_enabled=\u00bboff\u00bb button_one_bg_color__hover_enabled=\u00bboff\u00bb button_two_bg_color__hover_enabled=\u00bboff\u00bb]<\/p>\n<h2><strong><a href=\"http:\/\/avvdelicias.org\/wp-content\/uploads\/2018\/09\/Memoria16-17.pdf\">MEMORIA 2016-17<\/a><\/strong><\/h2>\n<p><a href=\"http:\/\/avvdelicias.org\/wp-content\/uploads\/2018\/09\/Memoria16-17.jpg\"><img decoding=\"async\" loading=\"lazy\" class=\"alignnone size-large wp-image-3049\" src=\"http:\/\/avvdelicias.org\/wp-content\/uploads\/2018\/09\/Memoria16-17-724x1024.jpg\" alt=\"Memoria16-17\" width=\"724\" height=\"1024\" srcset=\"https:\/\/avvdelicias.org\/wp-content\/uploads\/2018\/09\/Memoria16-17-724x1024.jpg 724w, https:\/\/avvdelicias.org\/wp-content\/uploads\/2018\/09\/Memoria16-17-212x300.jpg 212w, https:\/\/avvdelicias.org\/wp-content\/uploads\/2018\/09\/Memoria16-17-768x1087.jpg 768w, https:\/\/avvdelicias.org\/wp-content\/uploads\/2018\/09\/Memoria16-17-1080x1529.jpg 1080w, https:\/\/avvdelicias.org\/wp-content\/uploads\/2018\/09\/Memoria16-17.jpg 1240w\" sizes=\"(max-width: 724px) 100vw, 724px\" \/><\/a><br \/>\n[\/et_pb_cta][et_pb_cta admin_label=\u00bbLlamada a la acci\u00f3n\u00bb _builder_version=\u00bb3.16&#8243; background_color=\u00bb#ffffff\u00bb background_size=\u00bbinitial\u00bb background_position=\u00bbtop_left\u00bb background_repeat=\u00bbrepeat\u00bb background_layout=\u00bblight\u00bb use_border_color=\u00bboff\u00bb border_color=\u00bb#ffffff\u00bb border_width=\u00bb1px\u00bb border_style=\u00bbsolid\u00bb button_letter_spacing_hover=\u00bb0&#8243; button_text_size__hover_enabled=\u00bboff\u00bb button_one_text_size__hover_enabled=\u00bboff\u00bb button_two_text_size__hover_enabled=\u00bboff\u00bb button_text_color__hover_enabled=\u00bboff\u00bb button_one_text_color__hover_enabled=\u00bboff\u00bb button_two_text_color__hover_enabled=\u00bboff\u00bb button_border_width__hover_enabled=\u00bboff\u00bb button_one_border_width__hover_enabled=\u00bboff\u00bb button_two_border_width__hover_enabled=\u00bboff\u00bb button_border_color__hover_enabled=\u00bboff\u00bb button_one_border_color__hover_enabled=\u00bboff\u00bb button_two_border_color__hover_enabled=\u00bboff\u00bb button_border_radius__hover_enabled=\u00bboff\u00bb button_one_border_radius__hover_enabled=\u00bboff\u00bb button_two_border_radius__hover_enabled=\u00bboff\u00bb button_letter_spacing__hover_enabled=\u00bbon\u00bb button_letter_spacing__hover=\u00bb0&#8243; button_one_letter_spacing__hover_enabled=\u00bboff\u00bb button_two_letter_spacing__hover_enabled=\u00bboff\u00bb button_bg_color__hover_enabled=\u00bboff\u00bb button_one_bg_color__hover_enabled=\u00bboff\u00bb button_two_bg_color__hover_enabled=\u00bboff\u00bb]<\/p>\n<h2><strong><a href=\"wp-content\/uploads\/2017\/03\/MEMORIA-2014.pdf\" rel=\"attachment wp-att-2594\">MEMORIA 2014<\/a><\/strong><\/h2>\n<p><a href=\"wp-content\/uploads\/2016\/06\/portadamemoria2014.jpg\"><img decoding=\"async\" loading=\"lazy\" class=\"wp-image-2599 alignnone size-full\" src=\"wp-content\/uploads\/2016\/06\/portadamemoria2014.jpg\" alt=\"portadamemoria2014\" width=\"583\" height=\"579\" srcset=\"https:\/\/avvdelicias.org\/wp-content\/uploads\/2016\/06\/portadamemoria2014.jpg 583w, https:\/\/avvdelicias.org\/wp-content\/uploads\/2016\/06\/portadamemoria2014-150x150.jpg 150w, https:\/\/avvdelicias.org\/wp-content\/uploads\/2016\/06\/portadamemoria2014-300x298.jpg 300w\" sizes=\"(max-width: 583px) 100vw, 583px\" \/><\/a><br \/>\n[\/et_pb_cta][\/et_pb_column][et_pb_column type=\u00bb1_2&#8243; _builder_version=\u00bb3.25&#8243; custom_padding=\u00bb|||\u00bb custom_padding__hover=\u00bb|||\u00bb][et_pb_cta button_url=\u00bbhttp:\/\/avvdelicias.org\/wp-content\/uploads\/2021\/09\/Memoria-2020.pdf\u00bb button_text=\u00bbMEMORIA 2020&#8243; admin_label=\u00bbLlamada a la acci\u00f3n\u00bb _builder_version=\u00bb3.16&#8243; background_color=\u00bb#7EBEC5&#8243; background_size=\u00bbinitial\u00bb background_position=\u00bbtop_left\u00bb background_repeat=\u00bbrepeat\u00bb text_orientation=\u00bbleft\u00bb use_border_color=\u00bboff\u00bb border_color=\u00bb#ffffff\u00bb border_style=\u00bbsolid\u00bb button_letter_spacing_hover=\u00bb0&#8243; button_text_size__hover_enabled=\u00bboff\u00bb button_one_text_size__hover_enabled=\u00bboff\u00bb button_two_text_size__hover_enabled=\u00bboff\u00bb button_text_color__hover_enabled=\u00bboff\u00bb button_one_text_color__hover_enabled=\u00bboff\u00bb button_two_text_color__hover_enabled=\u00bboff\u00bb button_border_width__hover_enabled=\u00bboff\u00bb button_one_border_width__hover_enabled=\u00bboff\u00bb button_two_border_width__hover_enabled=\u00bboff\u00bb button_border_color__hover_enabled=\u00bboff\u00bb button_one_border_color__hover_enabled=\u00bboff\u00bb button_two_border_color__hover_enabled=\u00bboff\u00bb button_border_radius__hover_enabled=\u00bboff\u00bb button_one_border_radius__hover_enabled=\u00bboff\u00bb button_two_border_radius__hover_enabled=\u00bboff\u00bb button_letter_spacing__hover_enabled=\u00bbon\u00bb button_letter_spacing__hover=\u00bb0&#8243; button_one_letter_spacing__hover_enabled=\u00bboff\u00bb button_two_letter_spacing__hover_enabled=\u00bboff\u00bb button_bg_color__hover_enabled=\u00bboff\u00bb button_one_bg_color__hover_enabled=\u00bboff\u00bb button_two_bg_color__hover_enabled=\u00bboff\u00bb] [\/et_pb_cta][et_pb_cta admin_label=\u00bbLlamada a la acci\u00f3n\u00bb _builder_version=\u00bb3.16&#8243; background_color=\u00bb#ffffff\u00bb background_size=\u00bbinitial\u00bb background_position=\u00bbtop_left\u00bb background_repeat=\u00bbrepeat\u00bb background_layout=\u00bblight\u00bb use_border_color=\u00bboff\u00bb border_color=\u00bb#ffffff\u00bb border_width=\u00bb1px\u00bb border_style=\u00bbsolid\u00bb button_letter_spacing_hover=\u00bb0&#8243; button_text_size__hover_enabled=\u00bboff\u00bb button_one_text_size__hover_enabled=\u00bboff\u00bb button_two_text_size__hover_enabled=\u00bboff\u00bb button_text_color__hover_enabled=\u00bboff\u00bb button_one_text_color__hover_enabled=\u00bboff\u00bb button_two_text_color__hover_enabled=\u00bboff\u00bb button_border_width__hover_enabled=\u00bboff\u00bb button_one_border_width__hover_enabled=\u00bboff\u00bb button_two_border_width__hover_enabled=\u00bboff\u00bb button_border_color__hover_enabled=\u00bboff\u00bb button_one_border_color__hover_enabled=\u00bboff\u00bb button_two_border_color__hover_enabled=\u00bboff\u00bb button_border_radius__hover_enabled=\u00bboff\u00bb button_one_border_radius__hover_enabled=\u00bboff\u00bb button_two_border_radius__hover_enabled=\u00bboff\u00bb button_letter_spacing__hover_enabled=\u00bbon\u00bb button_letter_spacing__hover=\u00bb0&#8243; button_one_letter_spacing__hover_enabled=\u00bboff\u00bb button_two_letter_spacing__hover_enabled=\u00bboff\u00bb button_bg_color__hover_enabled=\u00bboff\u00bb button_one_bg_color__hover_enabled=\u00bboff\u00bb button_two_bg_color__hover_enabled=\u00bboff\u00bb]<\/p>\n<h1><strong>PRESUPUESTOS 2017-2018<\/strong><\/h1>\n<p><a href=\"http:\/\/avvdelicias.org\/wp-content\/uploads\/2018\/05\/Presupuesto-asamblea-2018.pdf\">Presupuestos- 2017-2018<\/a><br \/>\n[\/et_pb_cta][et_pb_cta admin_label=\u00bbLlamada a la acci\u00f3n\u00bb _builder_version=\u00bb3.16&#8243; background_color=\u00bb#ffffff\u00bb background_size=\u00bbinitial\u00bb background_position=\u00bbtop_left\u00bb background_repeat=\u00bbrepeat\u00bb background_layout=\u00bblight\u00bb use_border_color=\u00bboff\u00bb border_color=\u00bb#ffffff\u00bb border_width=\u00bb1px\u00bb border_style=\u00bbsolid\u00bb button_letter_spacing_hover=\u00bb0&#8243; button_text_size__hover_enabled=\u00bboff\u00bb button_one_text_size__hover_enabled=\u00bboff\u00bb button_two_text_size__hover_enabled=\u00bboff\u00bb button_text_color__hover_enabled=\u00bboff\u00bb button_one_text_color__hover_enabled=\u00bboff\u00bb button_two_text_color__hover_enabled=\u00bboff\u00bb button_border_width__hover_enabled=\u00bboff\u00bb button_one_border_width__hover_enabled=\u00bboff\u00bb button_two_border_width__hover_enabled=\u00bboff\u00bb button_border_color__hover_enabled=\u00bboff\u00bb button_one_border_color__hover_enabled=\u00bboff\u00bb button_two_border_color__hover_enabled=\u00bboff\u00bb button_border_radius__hover_enabled=\u00bboff\u00bb button_one_border_radius__hover_enabled=\u00bboff\u00bb button_two_border_radius__hover_enabled=\u00bboff\u00bb button_letter_spacing__hover_enabled=\u00bbon\u00bb button_letter_spacing__hover=\u00bb0&#8243; button_one_letter_spacing__hover_enabled=\u00bboff\u00bb button_two_letter_spacing__hover_enabled=\u00bboff\u00bb button_bg_color__hover_enabled=\u00bboff\u00bb button_one_bg_color__hover_enabled=\u00bboff\u00bb button_two_bg_color__hover_enabled=\u00bboff\u00bb]<\/p>\n<h1><strong><a href=\"wp-content\/uploads\/2017\/03\/MEMORIA-2015.pdf\" rel=\"attachment wp-att-2595\">MEMORIA 2015<\/a><\/strong><\/h1>\n<p><a href=\"wp-content\/uploads\/2016\/06\/portadamemoria2015.jpg\"><img decoding=\"async\" loading=\"lazy\" class=\"wp-image-2598 alignnone size-full\" src=\"wp-content\/uploads\/2016\/06\/portadamemoria2015.jpg\" alt=\"portadamemoria2015\" width=\"601\" height=\"854\" srcset=\"https:\/\/avvdelicias.org\/wp-content\/uploads\/2016\/06\/portadamemoria2015.jpg 601w, https:\/\/avvdelicias.org\/wp-content\/uploads\/2016\/06\/portadamemoria2015-211x300.jpg 211w\" sizes=\"(max-width: 601px) 100vw, 601px\" \/><\/a><br \/>\n[\/et_pb_cta][\/et_pb_column][\/et_pb_row][\/et_pb_section]<\/p>\n","protected":false},"excerpt":{"rendered":"<p>[et_pb_section fb_built=\u00bb1&#8243; custom_padding_last_edited=\u00bbon|desktop\u00bb admin_label=\u00bbsection\u00bb _builder_version=\u00bb3.22&#8243; background_color=\u00bb#eaeaea\u00bb custom_padding_tablet=\u00bb50px|0|50px|0&#8243; custom_padding_phone=\u00bb\u00bb transparent_background=\u00bboff\u00bb padding_mobile=\u00bboff\u00bb make_fullwidth=\u00bboff\u00bb use_custom_width=\u00bboff\u00bb width_unit=\u00bbon\u00bb custom_width_px=\u00bb1080px\u00bb custom_width_percent=\u00bb80%\u00bb][et_pb_row admin_label=\u00bbrow\u00bb _builder_version=\u00bb3.25&#8243; background_size=\u00bbinitial\u00bb background_position=\u00bbtop_left\u00bb background_repeat=\u00bbrepeat\u00bb make_fullwidth=\u00bboff\u00bb use_custom_width=\u00bboff\u00bb width_unit=\u00bboff\u00bb custom_width_px=\u00bb1080px\u00bb custom_width_percent=\u00bb80%\u00bb][et_pb_column type=\u00bb4_4&#8243; _builder_version=\u00bb3.25&#8243; custom_padding=\u00bb|||\u00bb custom_padding__hover=\u00bb|||\u00bb][et_pb_text admin_label=\u00bbTexto\u00bb _builder_version=\u00bb3.27.4&#8243; background_size=\u00bbinitial\u00bb background_position=\u00bbtop_left\u00bb background_repeat=\u00bbrepeat\u00bb use_border_color=\u00bboff\u00bb border_style=\u00bbsolid\u00bb]Somos una organizaci\u00f3n de personas que vivimos en el mismo barrio, que buscamos soluciones a los problemas que tenemos como [&hellip;]<\/p>\n","protected":false},"author":3,"featured_media":0,"parent":0,"menu_order":0,"comment_status":"closed","ping_status":"closed","template":"","meta":{"_et_pb_use_builder":"on","_et_pb_old_content":"","_et_gb_content_width":""},"_links":{"self":[{"href":"https:\/\/avvdelicias.org\/index.php?rest_route=\/wp\/v2\/pages\/1016"}],"collection":[{"href":"https:\/\/avvdelicias.org\/index.php?rest_route=\/wp\/v2\/pages"}],"about":[{"href":"https:\/\/avvdelicias.org\/index.php?rest_route=\/wp\/v2\/types\/page"}],"author":[{"embeddable":true,"href":"https:\/\/avvdelicias.org\/index.php?rest_route=\/wp\/v2\/users\/3"}],"replies":[{"embeddable":true,"href":"https:\/\/avvdelicias.org\/index.php?rest_route=%2Fwp%2Fv2%2Fcomments&post=1016"}],"version-history":[{"count":54,"href":"https:\/\/avvdelicias.org\/index.php?rest_route=\/wp\/v2\/pages\/1016\/revisions"}],"predecessor-version":[{"id":7419,"href":"https:\/\/avvdelicias.org\/index.php?rest_route=\/wp\/v2\/pages\/1016\/revisions\/7419"}],"wp:attachment":[{"href":"https:\/\/avvdelicias.org\/index.php?rest_route=%2Fwp%2Fv2%2Fmedia&parent=1016"}],"curies":[{"name":"wp","href":"https:\/\/api.w.org\/{rel}","templated":true}]}}