{"id":1130,"date":"2015-10-12T08:39:13","date_gmt":"2015-10-12T08:39:13","guid":{"rendered":"http:\/\/avvdelicias.org\/?page_id=1130"},"modified":"2020-12-16T13:26:31","modified_gmt":"2020-12-16T13:26:31","slug":"el-proceso-comunitario","status":"publish","type":"page","link":"https:\/\/avvdelicias.org\/?page_id=1130","title":{"rendered":"El proceso comunitario"},"content":{"rendered":"<p>[et_pb_section transparent_background=\u00bboff\u00bb allow_player_pause=\u00bboff\u00bb inner_shadow=\u00bboff\u00bb parallax=\u00bboff\u00bb parallax_method=\u00bbon\u00bb padding_mobile=\u00bboff\u00bb make_fullwidth=\u00bboff\u00bb use_custom_width=\u00bboff\u00bb width_unit=\u00bboff\u00bb custom_width_px=\u00bb1080px\u00bb custom_width_percent=\u00bb80%\u00bb make_equal=\u00bboff\u00bb use_custom_gutter=\u00bboff\u00bb fullwidth=\u00bbon\u00bb specialty=\u00bboff\u00bb admin_label=\u00bbsection\u00bb disabled=\u00bboff\u00bb][et_pb_fullwidth_slider show_arrows=\u00bbon\u00bb show_pagination=\u00bbon\u00bb auto=\u00bbon\u00bb auto_speed=\u00bb7000&#8243; auto_ignore_hover=\u00bboff\u00bb parallax=\u00bboff\u00bb parallax_method=\u00bboff\u00bb remove_inner_shadow=\u00bboff\u00bb background_position=\u00bbdefault\u00bb background_size=\u00bbdefault\u00bb hide_content_on_mobile=\u00bboff\u00bb hide_cta_on_mobile=\u00bboff\u00bb show_image_video_mobile=\u00bboff\u00bb admin_label=\u00bbFullwidth Slider\u00bb custom_button=\u00bboff\u00bb button_text_size=\u00bb20&#8243; button_border_width=\u00bb2&#8243; button_border_radius=\u00bb3&#8243; button_letter_spacing=\u00bb0&#8243; button_use_icon=\u00bbdefault\u00bb button_icon_placement=\u00bbright\u00bb button_on_hover=\u00bbon\u00bb button_border_radius_hover=\u00bb3&#8243; button_letter_spacing_hover=\u00bb0&#8243; disabled=\u00bboff\u00bb][et_pb_slide heading=\u00bbDelicias necesita un Plan\u00bb button_link=\u00bb#\u00bb background_image=\u00bbhttp:\/\/avvdelicias.org\/wp-content\/uploads\/2015\/10\/foto-a\u00e9rea.png\u00bb background_position=\u00bbdefault\u00bb background_size=\u00bbdefault\u00bb background_color=\u00bb#f7f7f7&#8243; alignment=\u00bbcenter\u00bb background_layout=\u00bblight\u00bb allow_player_pause=\u00bboff\u00bb text_border_radius=\u00bb3&#8243; header_font=\u00bb|on|||\u00bb header_font_size=\u00bb70&#8243; header_text_color=\u00bb#ffffff\u00bb custom_button=\u00bboff\u00bb button_use_icon=\u00bbdefault\u00bb button_icon_placement=\u00bbright\u00bb button_on_hover=\u00bbon\u00bb disabled=\u00bboff\u00bb] [\/et_pb_slide][\/et_pb_fullwidth_slider][\/et_pb_section][et_pb_section transparent_background=\u00bboff\u00bb background_color=\u00bb#3a4149&#8243; allow_player_pause=\u00bboff\u00bb inner_shadow=\u00bboff\u00bb parallax=\u00bboff\u00bb parallax_method=\u00bbon\u00bb padding_mobile=\u00bboff\u00bb make_fullwidth=\u00bboff\u00bb use_custom_width=\u00bboff\u00bb width_unit=\u00bboff\u00bb custom_width_px=\u00bb1080px\u00bb custom_width_percent=\u00bb80%\u00bb make_equal=\u00bboff\u00bb use_custom_gutter=\u00bboff\u00bb fullwidth=\u00bboff\u00bb specialty=\u00bboff\u00bb admin_label=\u00bbsection\u00bb disabled=\u00bboff\u00bb][et_pb_row make_fullwidth=\u00bboff\u00bb use_custom_width=\u00bboff\u00bb width_unit=\u00bboff\u00bb custom_width_px=\u00bb1080px\u00bb custom_width_percent=\u00bb80%\u00bb use_custom_gutter=\u00bboff\u00bb gutter_width=\u00bb3&#8243; padding_mobile=\u00bboff\u00bb allow_player_pause=\u00bboff\u00bb parallax=\u00bboff\u00bb parallax_method=\u00bbon\u00bb make_equal=\u00bboff\u00bb column_padding_mobile=\u00bbon\u00bb parallax_1=\u00bboff\u00bb parallax_method_1=\u00bbon\u00bb parallax_2=\u00bboff\u00bb parallax_method_2=\u00bbon\u00bb parallax_3=\u00bboff\u00bb parallax_method_3=\u00bbon\u00bb parallax_4=\u00bboff\u00bb parallax_method_4=\u00bbon\u00bb admin_label=\u00bbrow\u00bb disabled=\u00bboff\u00bb][et_pb_column type=\u00bb1_2&#8243; disabled=\u00bboff\u00bb parallax=\u00bboff\u00bb parallax_method=\u00bbon\u00bb column_padding_mobile=\u00bbon\u00bb][et_pb_number_counter number=\u00bb104.389 habitantes\u00bb percent_sign=\u00bboff\u00bb counter_color=\u00bb#7EBEC5&#8243; background_layout=\u00bblight\u00bb admin_label=\u00bbContador de n\u00famero\u00bb title_font_size=\u00bb51&#8243; use_border_color=\u00bboff\u00bb border_color=\u00bb#ffffff\u00bb border_width=\u00bb1px\u00bb border_style=\u00bbsolid\u00bb disabled=\u00bboff\u00bb] [\/et_pb_number_counter][et_pb_divider color=\u00bb#ffffff\u00bb height=\u00bb30&#8243; divider_style=\u00bbsolid\u00bb divider_position=\u00bbtop\u00bb divider_weight=\u00bb1px\u00bb hide_on_mobile=\u00bbon\u00bb admin_label=\u00bbSeparador\u00bb disabled=\u00bboff\u00bb] [\/et_pb_divider][et_pb_circle_counter title=\u00bbEspa\u00f1oles\u00bb number=\u00bb75&#8243; percent_sign=\u00bbon\u00bb background_layout=\u00bblight\u00bb bar_bg_color=\u00bb#7EBEC5&#8243; admin_label=\u00bbContadores circulares\u00bb title_font_size=\u00bb40&#8243; title_text_color=\u00bb#7ebec5&#8243; disabled=\u00bboff\u00bb] [\/et_pb_circle_counter][\/et_pb_column][et_pb_column type=\u00bb1_2&#8243; disabled=\u00bboff\u00bb parallax=\u00bboff\u00bb parallax_method=\u00bbon\u00bb column_padding_mobile=\u00bbon\u00bb][et_pb_number_counter number=\u00bb31.781 hab\/km2&#8243; percent_sign=\u00bboff\u00bb counter_color=\u00bb#7EBEC5&#8243; background_layout=\u00bblight\u00bb admin_label=\u00bbContador de n\u00famero\u00bb use_border_color=\u00bboff\u00bb border_color=\u00bb#ffffff\u00bb border_width=\u00bb1px\u00bb border_style=\u00bbsolid\u00bb disabled=\u00bboff\u00bb] [\/et_pb_number_counter][et_pb_divider color=\u00bb#ffffff\u00bb height=\u00bb50&#8243; divider_style=\u00bbsolid\u00bb divider_position=\u00bbtop\u00bb divider_weight=\u00bb1px\u00bb hide_on_mobile=\u00bbon\u00bb admin_label=\u00bbSeparador\u00bb disabled=\u00bboff\u00bb] [\/et_pb_divider][et_pb_text background_layout=\u00bblight\u00bb text_orientation=\u00bbleft\u00bb admin_label=\u00bbTexto\u00bb text_font_size=\u00bb35&#8243; text_text_color=\u00bb#7ebec5&#8243; use_border_color=\u00bboff\u00bb border_style=\u00bbsolid\u00bb disabled=\u00bboff\u00bb]<\/p>\n<p>El m\u00e1s poblado de Zaragoza<\/p>\n<p>Poblaci\u00f3n muy envejecida<\/p>\n<p>Escasos equipamientos<\/p>\n<p>[\/et_pb_text][\/et_pb_column][\/et_pb_row][\/et_pb_section][et_pb_section transparent_background=\u00bboff\u00bb allow_player_pause=\u00bboff\u00bb inner_shadow=\u00bboff\u00bb parallax=\u00bboff\u00bb parallax_method=\u00bbon\u00bb custom_padding=\u00bb54px|0px|54px|0px\u00bb padding_mobile=\u00bboff\u00bb make_fullwidth=\u00bboff\u00bb use_custom_width=\u00bboff\u00bb width_unit=\u00bboff\u00bb custom_width_px=\u00bb1080px\u00bb custom_width_percent=\u00bb80%\u00bb make_equal=\u00bboff\u00bb use_custom_gutter=\u00bboff\u00bb fullwidth=\u00bboff\u00bb specialty=\u00bboff\u00bb admin_label=\u00bbSecci\u00f3n\u00bb disabled=\u00bboff\u00bb][et_pb_row make_fullwidth=\u00bboff\u00bb use_custom_width=\u00bboff\u00bb width_unit=\u00bboff\u00bb custom_width_px=\u00bb1080px\u00bb custom_width_percent=\u00bb80%\u00bb use_custom_gutter=\u00bboff\u00bb gutter_width=\u00bb3&#8243; allow_player_pause=\u00bboff\u00bb parallax=\u00bboff\u00bb parallax_method=\u00bbon\u00bb make_equal=\u00bboff\u00bb parallax_1=\u00bboff\u00bb parallax_method_1=\u00bbon\u00bb parallax_2=\u00bboff\u00bb parallax_method_2=\u00bbon\u00bb parallax_3=\u00bboff\u00bb parallax_method_3=\u00bbon\u00bb parallax_4=\u00bboff\u00bb parallax_method_4=\u00bbon\u00bb admin_label=\u00bbrow\u00bb disabled=\u00bboff\u00bb][et_pb_column type=\u00bb1_2&#8243; disabled=\u00bboff\u00bb parallax=\u00bboff\u00bb parallax_method=\u00bbon\u00bb][et_pb_image src=\u00bbhttp:\/\/avvdelicias.org\/wp-content\/uploads\/2020\/01\/portada3.png\u00bb show_in_lightbox=\u00bboff\u00bb url_new_window=\u00bboff\u00bb use_overlay=\u00bboff\u00bb sticky=\u00bboff\u00bb align=\u00bbleft\u00bb force_fullwidth=\u00bboff\u00bb always_center_on_mobile=\u00bbon\u00bb admin_label=\u00bbImagen\u00bb use_border_color=\u00bboff\u00bb border_color=\u00bb#ffffff\u00bb border_width=\u00bb1px\u00bb border_style=\u00bbsolid\u00bb disabled=\u00bboff\u00bb] [\/et_pb_image][\/et_pb_column][et_pb_column type=\u00bb1_2&#8243; disabled=\u00bboff\u00bb parallax=\u00bboff\u00bb parallax_method=\u00bbon\u00bb][et_pb_cta title=\u00bbPlan de Delicias\u00bb button_url=\u00bbhttp:\/\/avvdelicias.org\/wp-content\/uploads\/2020\/02\/PLAN-DELICIAS_FINAL-REDES_ENE2020.pdf\u00bb url_new_window=\u00bboff\u00bb button_text=\u00bbPLAN DE DELICIAS\u00bb use_background_color=\u00bbon\u00bb background_color=\u00bb#ffffff\u00bb background_layout=\u00bblight\u00bb text_orientation=\u00bbcenter\u00bb admin_label=\u00bbLlamada a la acci\u00f3n\u00bb use_border_color=\u00bboff\u00bb border_color=\u00bb#ffffff\u00bb border_width=\u00bb1px\u00bb border_style=\u00bbsolid\u00bb custom_button=\u00bboff\u00bb button_text_size=\u00bb20&#8243; button_letter_spacing=\u00bb0&#8243; button_use_icon=\u00bbdefault\u00bb button_icon_placement=\u00bbright\u00bb button_on_hover=\u00bbon\u00bb button_letter_spacing_hover=\u00bb0&#8243; disabled=\u00bboff\u00bb]<\/p>\n<p><a href=\"wp-content\/uploads\/2020\/01\/portadafolleto2.png\"><img decoding=\"async\" loading=\"lazy\" class=\"wp-image-3522 alignnone size-full\" src=\"wp-content\/uploads\/2020\/01\/portadafolleto2.png\" alt=\"portadafolleto2\" width=\"775\" height=\"445\" srcset=\"https:\/\/avvdelicias.org\/wp-content\/uploads\/2020\/01\/portadafolleto2.png 775w, https:\/\/avvdelicias.org\/wp-content\/uploads\/2020\/01\/portadafolleto2-300x172.png 300w, https:\/\/avvdelicias.org\/wp-content\/uploads\/2020\/01\/portadafolleto2-768x441.png 768w\" sizes=\"(max-width: 775px) 100vw, 775px\" \/><\/a><\/p>\n<p>[\/et_pb_cta][\/et_pb_column][\/et_pb_row][\/et_pb_section][et_pb_section transparent_background=\u00bboff\u00bb allow_player_pause=\u00bboff\u00bb inner_shadow=\u00bboff\u00bb parallax=\u00bboff\u00bb parallax_method=\u00bbon\u00bb custom_padding=\u00bb54px|0px|54px|0px\u00bb padding_mobile=\u00bboff\u00bb make_fullwidth=\u00bboff\u00bb use_custom_width=\u00bboff\u00bb width_unit=\u00bboff\u00bb custom_width_px=\u00bb1080px\u00bb custom_width_percent=\u00bb80%\u00bb make_equal=\u00bboff\u00bb use_custom_gutter=\u00bboff\u00bb fullwidth=\u00bboff\u00bb specialty=\u00bboff\u00bb admin_label=\u00bbSecci\u00f3n\u00bb disabled=\u00bboff\u00bb][et_pb_row make_fullwidth=\u00bboff\u00bb use_custom_width=\u00bboff\u00bb width_unit=\u00bboff\u00bb custom_width_px=\u00bb1080px\u00bb custom_width_percent=\u00bb80%\u00bb use_custom_gutter=\u00bboff\u00bb gutter_width=\u00bb3&#8243; padding_mobile=\u00bboff\u00bb allow_player_pause=\u00bboff\u00bb parallax=\u00bboff\u00bb parallax_method=\u00bbon\u00bb make_equal=\u00bboff\u00bb column_padding_mobile=\u00bbon\u00bb parallax_1=\u00bboff\u00bb parallax_method_1=\u00bbon\u00bb parallax_2=\u00bboff\u00bb parallax_method_2=\u00bbon\u00bb parallax_3=\u00bboff\u00bb parallax_method_3=\u00bbon\u00bb parallax_4=\u00bboff\u00bb parallax_method_4=\u00bbon\u00bb admin_label=\u00bbFila\u00bb disabled=\u00bboff\u00bb][et_pb_column type=\u00bb1_3&#8243; disabled=\u00bboff\u00bb parallax=\u00bboff\u00bb parallax_method=\u00bbon\u00bb column_padding_mobile=\u00bbon\u00bb][et_pb_image src=\u00bbhttp:\/\/avvdelicias.org\/wp-content\/uploads\/2015\/10\/Nuevo-Presentaci\u00f3n-de-Microsoft-Office-PowerPoint-1.jpg\u00bb show_in_lightbox=\u00bboff\u00bb url=\u00bbhttp:\/\/avvdelicias.org\/wp-content\/uploads\/2016\/02\/PROCESO-COMUNITARIO-DELICIAS-3-copia.pdf\u00bb url_new_window=\u00bbon\u00bb use_overlay=\u00bboff\u00bb sticky=\u00bboff\u00bb align=\u00bbleft\u00bb force_fullwidth=\u00bboff\u00bb always_center_on_mobile=\u00bbon\u00bb admin_label=\u00bbImagen\u00bb use_border_color=\u00bboff\u00bb border_color=\u00bb#ffffff\u00bb border_width=\u00bb1px\u00bb border_style=\u00bbsolid\u00bb disabled=\u00bboff\u00bb] [\/et_pb_image][\/et_pb_column][et_pb_column type=\u00bb1_3&#8243; disabled=\u00bboff\u00bb parallax=\u00bboff\u00bb parallax_method=\u00bbon\u00bb column_padding_mobile=\u00bbon\u00bb][et_pb_image src=\u00bbhttp:\/\/avvdelicias.org\/wp-content\/uploads\/2015\/01\/Invitacion-EncuentroCom14-12-16-1.jpg\u00bb show_in_lightbox=\u00bbon\u00bb url_new_window=\u00bboff\u00bb use_overlay=\u00bboff\u00bb sticky=\u00bboff\u00bb align=\u00bbleft\u00bb force_fullwidth=\u00bboff\u00bb always_center_on_mobile=\u00bbon\u00bb admin_label=\u00bbImagen\u00bb use_border_color=\u00bboff\u00bb border_color=\u00bb#ffffff\u00bb border_width=\u00bb1px\u00bb border_style=\u00bbsolid\u00bb disabled=\u00bboff\u00bb] [\/et_pb_image][\/et_pb_column][et_pb_column type=\u00bb1_3&#8243; disabled=\u00bboff\u00bb parallax=\u00bboff\u00bb parallax_method=\u00bbon\u00bb column_padding_mobile=\u00bbon\u00bb][\/et_pb_column][\/et_pb_row][\/et_pb_section][et_pb_section transparent_background=\u00bboff\u00bb allow_player_pause=\u00bboff\u00bb inner_shadow=\u00bboff\u00bb parallax=\u00bboff\u00bb parallax_method=\u00bbon\u00bb padding_mobile=\u00bboff\u00bb make_fullwidth=\u00bboff\u00bb use_custom_width=\u00bboff\u00bb width_unit=\u00bboff\u00bb custom_width_px=\u00bb1080px\u00bb custom_width_percent=\u00bb80%\u00bb make_equal=\u00bboff\u00bb use_custom_gutter=\u00bboff\u00bb fullwidth=\u00bboff\u00bb specialty=\u00bboff\u00bb admin_label=\u00bbSecci\u00f3n\u00bb disabled=\u00bboff\u00bb][et_pb_row make_fullwidth=\u00bboff\u00bb use_custom_width=\u00bboff\u00bb width_unit=\u00bboff\u00bb custom_width_px=\u00bb1080px\u00bb custom_width_percent=\u00bb80%\u00bb use_custom_gutter=\u00bboff\u00bb gutter_width=\u00bb3&#8243; padding_mobile=\u00bboff\u00bb allow_player_pause=\u00bboff\u00bb parallax=\u00bboff\u00bb parallax_method=\u00bbon\u00bb make_equal=\u00bboff\u00bb column_padding_mobile=\u00bbon\u00bb parallax_1=\u00bboff\u00bb parallax_method_1=\u00bbon\u00bb parallax_2=\u00bboff\u00bb parallax_method_2=\u00bbon\u00bb parallax_3=\u00bboff\u00bb parallax_method_3=\u00bbon\u00bb parallax_4=\u00bboff\u00bb parallax_method_4=\u00bbon\u00bb admin_label=\u00bbFila\u00bb disabled=\u00bboff\u00bb][et_pb_column type=\u00bb4_4&#8243; disabled=\u00bboff\u00bb parallax=\u00bboff\u00bb parallax_method=\u00bbon\u00bb column_padding_mobile=\u00bbon\u00bb][\/et_pb_column][\/et_pb_row][\/et_pb_section][et_pb_section transparent_background=\u00bboff\u00bb allow_player_pause=\u00bboff\u00bb inner_shadow=\u00bboff\u00bb parallax=\u00bboff\u00bb parallax_method=\u00bbon\u00bb padding_mobile=\u00bboff\u00bb make_fullwidth=\u00bboff\u00bb use_custom_width=\u00bboff\u00bb width_unit=\u00bboff\u00bb custom_width_px=\u00bb1080px\u00bb custom_width_percent=\u00bb80%\u00bb make_equal=\u00bboff\u00bb use_custom_gutter=\u00bboff\u00bb fullwidth=\u00bboff\u00bb specialty=\u00bboff\u00bb admin_label=\u00bbsection\u00bb disabled=\u00bboff\u00bb][et_pb_row make_fullwidth=\u00bboff\u00bb use_custom_width=\u00bboff\u00bb width_unit=\u00bboff\u00bb custom_width_px=\u00bb1080px\u00bb custom_width_percent=\u00bb80%\u00bb use_custom_gutter=\u00bboff\u00bb gutter_width=\u00bb3&#8243; padding_mobile=\u00bboff\u00bb allow_player_pause=\u00bboff\u00bb parallax=\u00bboff\u00bb parallax_method=\u00bbon\u00bb make_equal=\u00bboff\u00bb column_padding_mobile=\u00bbon\u00bb parallax_1=\u00bboff\u00bb parallax_method_1=\u00bbon\u00bb parallax_2=\u00bboff\u00bb parallax_method_2=\u00bbon\u00bb parallax_3=\u00bboff\u00bb parallax_method_3=\u00bbon\u00bb parallax_4=\u00bboff\u00bb parallax_method_4=\u00bbon\u00bb admin_label=\u00bbrow\u00bb disabled=\u00bboff\u00bb][et_pb_column type=\u00bb1_2&#8243; disabled=\u00bboff\u00bb parallax=\u00bboff\u00bb parallax_method=\u00bbon\u00bb column_padding_mobile=\u00bbon\u00bb][et_pb_text background_layout=\u00bblight\u00bb text_orientation=\u00bbleft\u00bb admin_label=\u00bbText\u00bb use_border_color=\u00bboff\u00bb border_style=\u00bbsolid\u00bb disabled=\u00bboff\u00bb]<\/p>\n<h2>\u00bfQu\u00e9 es el Proceso Comunitario de Delicias?<\/h2>\n<p>\u00bfC\u00f3mo viven los vecinos de Delicias? \u00bfQu\u00e9 asuntos les preocupan? \u00bfQu\u00e9 cuestiones hacen vulnerable al barrio? \u00bfC\u00f3mo ser\u00e1 el barrio en el futuro? Todas estas preguntas y\u00a0 muchas m\u00e1s intentan encontrar respuestas en el <strong>Proceso Comunitario de Delicias<\/strong>, con el que queremos conocer cu\u00e1l es la realidad del barrio y entre todos buscar estrategias integrales que aporten respuestas a los cambios actuales.<\/p>\n<p>[\/et_pb_text][\/et_pb_column][et_pb_column type=\u00bb1_2&#8243; disabled=\u00bboff\u00bb parallax=\u00bboff\u00bb parallax_method=\u00bbon\u00bb column_padding_mobile=\u00bbon\u00bb][et_pb_accordion admin_label=\u00bbAccordion\u00bb use_border_color=\u00bboff\u00bb border_color=\u00bb#ffffff\u00bb border_width=\u00bb1px\u00bb border_style=\u00bbsolid\u00bb disabled=\u00bboff\u00bb][et_pb_accordion_item title=\u00bb\u00bfCu\u00e1l es el objetivo final del Proceso Comunitario?\u00bb open=\u00bbon\u00bb use_border_color=\u00bboff\u00bb border_color=\u00bb#ffffff\u00bb border_width=\u00bb1px\u00bb border_style=\u00bbsolid\u00bb disabled=\u00bboff\u00bb] El objetivo prioritario es sentar las bases del futuro<strong> Plan de Barrio<\/strong>. \u00a0 [\/et_pb_accordion_item][et_pb_accordion_item title=\u00bb\u00bfQu\u00e9 es el Equipo Impulso?\u00bb open=\u00bboff\u00bb use_border_color=\u00bboff\u00bb border_color=\u00bb#ffffff\u00bb border_width=\u00bb1px\u00bb border_style=\u00bbsolid\u00bb disabled=\u00bboff\u00bb] Son todo el conjunto de entidades y colectivos que participamos en el Proceso y lo impulsamos. Adem\u00e1s de la Asociaci\u00f3n de Vecinos Delicias y la Junta de Distrito, \u00a0tambi\u00e9n participan el Proyecto de Intervenci\u00f3n Comunitaria Intercultural (Fundaci\u00f3n Federico Ozanam), el Centro Municipal de Servicios Sociales, Fundaci\u00f3n Adunare, C\u00e1ritas, Movimiento contra la Intolerancia, Ayuda en Acci\u00f3n, Fundaci\u00f3n Cruz Blanca e Ymca. [\/et_pb_accordion_item][et_pb_accordion_item title=\u00bb\u00bfQu\u00e9 es el grupo dinamizador del Parque Delicias?\u00bb open=\u00bboff\u00bb use_border_color=\u00bboff\u00bb border_color=\u00bb#ffffff\u00bb border_width=\u00bb1px\u00bb border_style=\u00bbsolid\u00bb disabled=\u00bboff\u00bb] Es un grupo de trabajo cuyo objetivo es dinamizar el Parque Delicias y conseguir que los vecinos lo cuiden y respeten. Est\u00e1 formado por la\u00a0Asociaci\u00f3n de Vecinos de Delicias <em>Manuel Viola<\/em>, Centro de Rehabilitaci\u00f3n Psicosocial <em>Nuestra Se\u00f1ora del Pilar<\/em>, Centro de D\u00eda y Hogar Delicias, Junta de Distrito Delicias, Acci\u00f3n Social y Deportes, Zaragoza Deporte Municipal S.A, Centro Municipal de Servicios Sociales, Servicio Municipal de Educaci\u00f3n, Centro C\u00edvico Esquinas del Psiqui\u00e1trico, Patronato Municipal de Educaci\u00f3n y Bibliotecas (Biblioteca Manuel Alvar), Centro de Convivencia para Mayores Terminillo, Servicios Parque Delicias S.L.U-Fundaci\u00f3n Adunare, Asociaci\u00f3n Aragonesa Pro Salud Mental (ASAPME), y Proyecto de Intervenci\u00f3n Comunitaria Intercultural (ICI)- Fundaci\u00f3n Federico Ozanam. [\/et_pb_accordion_item][\/et_pb_accordion][\/et_pb_column][\/et_pb_row][\/et_pb_section][et_pb_section transparent_background=\u00bboff\u00bb allow_player_pause=\u00bboff\u00bb inner_shadow=\u00bboff\u00bb parallax=\u00bboff\u00bb parallax_method=\u00bbon\u00bb padding_mobile=\u00bboff\u00bb make_fullwidth=\u00bboff\u00bb use_custom_width=\u00bboff\u00bb width_unit=\u00bboff\u00bb custom_width_px=\u00bb1080px\u00bb custom_width_percent=\u00bb80%\u00bb make_equal=\u00bboff\u00bb use_custom_gutter=\u00bboff\u00bb fullwidth=\u00bboff\u00bb specialty=\u00bboff\u00bb admin_label=\u00bbSecci\u00f3n\u00bb disabled=\u00bboff\u00bb][et_pb_row make_fullwidth=\u00bboff\u00bb use_custom_width=\u00bboff\u00bb width_unit=\u00bboff\u00bb custom_width_px=\u00bb1080px\u00bb custom_width_percent=\u00bb80%\u00bb use_custom_gutter=\u00bboff\u00bb gutter_width=\u00bb3&#8243; padding_mobile=\u00bboff\u00bb allow_player_pause=\u00bboff\u00bb parallax=\u00bboff\u00bb parallax_method=\u00bbon\u00bb make_equal=\u00bboff\u00bb column_padding_mobile=\u00bbon\u00bb parallax_1=\u00bboff\u00bb parallax_method_1=\u00bbon\u00bb parallax_2=\u00bboff\u00bb parallax_method_2=\u00bbon\u00bb parallax_3=\u00bboff\u00bb parallax_method_3=\u00bbon\u00bb parallax_4=\u00bboff\u00bb parallax_method_4=\u00bbon\u00bb admin_label=\u00bbFila\u00bb disabled=\u00bboff\u00bb][et_pb_column type=\u00bb4_4&#8243; disabled=\u00bboff\u00bb parallax=\u00bboff\u00bb parallax_method=\u00bbon\u00bb column_padding_mobile=\u00bbon\u00bb][et_pb_testimonial author=\u00bbJos\u00e9 Luis Z\u00fa\u00f1iga\u00bb job_title=\u00bbPresidente\u00bb company_name=\u00bbAsociaci\u00f3n de Vecinos de Delicias %22Manuel Viola%22&#8243; url_new_window=\u00bboff\u00bb quote_icon=\u00bbon\u00bb use_background_color=\u00bbon\u00bb background_color=\u00bb#f5f5f5&#8243; background_layout=\u00bblight\u00bb text_orientation=\u00bbleft\u00bb admin_label=\u00bbRecomendaci\u00f3n\u00bb use_border_color=\u00bboff\u00bb border_style=\u00bbsolid\u00bb disabled=\u00bboff\u00bb]<\/p>\n<h2><a href=\"http:\/\/avvdelicias.org\/wp-content\/uploads\/2015\/10\/Imagen-Pepelu.png\" rel=\"attachment wp-att-2015\"><img decoding=\"async\" loading=\"lazy\" class=\"wp-image-2015 alignleft\" src=\"http:\/\/avvdelicias.org\/wp-content\/uploads\/2015\/10\/Imagen-Pepelu.png\" alt=\"Imagen Pepelu\" width=\"105\" height=\"116\" \/><\/a>Un sue\u00f1o que est\u00e1 ya en marcha<\/h2>\n<p>El Proceso Comunitario de Delicias supone lograr un sue\u00f1o pensado, perseguido desde hace mucho tiempo. Hemos so\u00f1ado un Plan que \u00a8simplemente\u00a8 recoja unas estrategias globales, integrales, transversales, que recorran todos los \u00e1mbitos de intervenci\u00f3n y todos los sectores de poblaci\u00f3n, que introduzcan elementos de mejora en la calidad del vida de los vecinos y vecinas de Delicias. Va a fortalecer la participaci\u00f3n en la Asociaci\u00f3n, recuperar el debate con otras entidades, y ampliar las propuestas de la Asociaci\u00f3n pensando en global, en sostenibilidad y en seguimiento.\u00a0 Supone una puesta al d\u00eda de la situaci\u00f3n actual del Barrio, la uni\u00f3n de sinergias de esfuerzos con otros agentes sociales y el reconocimiento institucional\u00a0 de que en Delicias necesitamos un Plan de Barrio para unir necesidades con soluciones, para conseguir intervenciones adaptadas a Delicias y para lograr una pol\u00edticas p\u00fablicas acordes a un modelo: \u00a8el modelo Delicias\u00a8. Creemos que un Plan integral de estas caracter\u00edsticas se tiene que construir principalmente con\u00a0 la participaci\u00f3n y la implicaci\u00f3n de los vecinos y vecinas de Delicias y esto no lo queremos so\u00f1ar, deseamos que sea una realidad.<\/p>\n<p>[\/et_pb_testimonial][\/et_pb_column][\/et_pb_row][\/et_pb_section]<\/p>\n","protected":false},"excerpt":{"rendered":"<p>[et_pb_section transparent_background=\u00bboff\u00bb allow_player_pause=\u00bboff\u00bb inner_shadow=\u00bboff\u00bb parallax=\u00bboff\u00bb parallax_method=\u00bbon\u00bb padding_mobile=\u00bboff\u00bb make_fullwidth=\u00bboff\u00bb use_custom_width=\u00bboff\u00bb width_unit=\u00bboff\u00bb custom_width_px=\u00bb1080px\u00bb custom_width_percent=\u00bb80%\u00bb make_equal=\u00bboff\u00bb use_custom_gutter=\u00bboff\u00bb fullwidth=\u00bbon\u00bb specialty=\u00bboff\u00bb admin_label=\u00bbsection\u00bb disabled=\u00bboff\u00bb][et_pb_fullwidth_slider show_arrows=\u00bbon\u00bb show_pagination=\u00bbon\u00bb auto=\u00bbon\u00bb auto_speed=\u00bb7000&#8243; auto_ignore_hover=\u00bboff\u00bb parallax=\u00bboff\u00bb parallax_method=\u00bboff\u00bb remove_inner_shadow=\u00bboff\u00bb background_position=\u00bbdefault\u00bb background_size=\u00bbdefault\u00bb hide_content_on_mobile=\u00bboff\u00bb hide_cta_on_mobile=\u00bboff\u00bb show_image_video_mobile=\u00bboff\u00bb admin_label=\u00bbFullwidth Slider\u00bb custom_button=\u00bboff\u00bb button_text_size=\u00bb20&#8243; button_border_width=\u00bb2&#8243; button_border_radius=\u00bb3&#8243; button_letter_spacing=\u00bb0&#8243; button_use_icon=\u00bbdefault\u00bb button_icon_placement=\u00bbright\u00bb button_on_hover=\u00bbon\u00bb button_border_radius_hover=\u00bb3&#8243; button_letter_spacing_hover=\u00bb0&#8243; disabled=\u00bboff\u00bb][et_pb_slide heading=\u00bbDelicias necesita un Plan\u00bb button_link=\u00bb#\u00bb background_image=\u00bbhttp:\/\/avvdelicias.org\/wp-content\/uploads\/2015\/10\/foto-a\u00e9rea.png\u00bb background_position=\u00bbdefault\u00bb background_size=\u00bbdefault\u00bb background_color=\u00bb#f7f7f7&#8243; alignment=\u00bbcenter\u00bb background_layout=\u00bblight\u00bb [&hellip;]<\/p>\n","protected":false},"author":3,"featured_media":3521,"parent":0,"menu_order":0,"comment_status":"closed","ping_status":"closed","template":"","meta":{"_et_pb_use_builder":"on","_et_pb_old_content":"","_et_gb_content_width":""},"_links":{"self":[{"href":"https:\/\/avvdelicias.org\/index.php?rest_route=\/wp\/v2\/pages\/1130"}],"collection":[{"href":"https:\/\/avvdelicias.org\/index.php?rest_route=\/wp\/v2\/pages"}],"about":[{"href":"https:\/\/avvdelicias.org\/index.php?rest_route=\/wp\/v2\/types\/page"}],"author":[{"embeddable":true,"href":"https:\/\/avvdelicias.org\/index.php?rest_route=\/wp\/v2\/users\/3"}],"replies":[{"embeddable":true,"href":"https:\/\/avvdelicias.org\/index.php?rest_route=%2Fwp%2Fv2%2Fcomments&post=1130"}],"version-history":[{"count":27,"href":"https:\/\/avvdelicias.org\/index.php?rest_route=\/wp\/v2\/pages\/1130\/revisions"}],"predecessor-version":[{"id":3884,"href":"https:\/\/avvdelicias.org\/index.php?rest_route=\/wp\/v2\/pages\/1130\/revisions\/3884"}],"wp:featuredmedia":[{"embeddable":true,"href":"https:\/\/avvdelicias.org\/index.php?rest_route=\/wp\/v2\/media\/3521"}],"wp:attachment":[{"href":"https:\/\/avvdelicias.org\/index.php?rest_route=%2Fwp%2Fv2%2Fmedia&parent=1130"}],"curies":[{"name":"wp","href":"https:\/\/api.w.org\/{rel}","templated":true}]}}