{"id":1289,"date":"2015-10-15T16:19:27","date_gmt":"2015-10-15T16:19:27","guid":{"rendered":"http:\/\/avvdelicias.org\/?post_type=project&#038;p=1289"},"modified":"2015-12-17T12:21:58","modified_gmt":"2015-12-17T12:21:58","slug":"30-anos-en-la-calle","status":"publish","type":"project","link":"https:\/\/avvdelicias.org\/?project=30-anos-en-la-calle","title":{"rendered":"30 a\u00f1os con nuestros vecinos"},"content":{"rendered":"<p>[et_pb_section admin_label=\u00bbsection\u00bb][et_pb_row admin_label=\u00bbrow\u00bb][et_pb_column type=\u00bb4_4&#8243;][et_pb_text admin_label=\u00bbTexto\u00bb]<\/p>\n<p>Somos una organizaci\u00f3n de personas que vivimos en el mismo barrio, que <strong>buscamos soluciones a los problemas que tenemos como vecinos<\/strong>.\u00a0Desde su fundaci\u00f3n en 1986, \u00a0la Asociaci\u00f3n de Vecinos de Delicias \u00abManuel Viola\u00bb lleva trabajando\u00a0en el barrio, prestando atenci\u00f3n a la aparici\u00f3n de nuevos problemas ciudadanos, desarrollando proyectos y presentando propuestas de intervenci\u00f3n.<\/p>\n<p>Con el paso del tiempo, la realidad del barrio ha ido cambiando y la Asociaci\u00f3n, tanto su organizaci\u00f3n como los que temas en que trabaja se han ido adaptando a las nuevas circunstancias. Nuestra finalidad sigue siendo la de promover la participaci\u00f3n de los vecinos y vecinas, implic\u00e1ndolos en la soluci\u00f3n de problemas y favoreciendo una mejor calidad de vida. Las palabras clave que nos definen ser\u00edan: <strong>participaci\u00f3n, reivindicaci\u00f3n, ciudadan\u00eda, aprendizaje, comunidad y mejora.<\/strong><\/p>\n<p>Las grandes l\u00edneas de trabajo son las siguientes:<\/p>\n<ol>\n<li><strong>Reivindicaci\u00f3n<\/strong> de mejoras para el barrio.<\/li>\n<li><strong>Informaci\u00f3n y prestaci\u00f3n de servicios<\/strong> \u00a0a los vecinos.<\/li>\n<li><strong>Gesti\u00f3n de proyectos<\/strong> de inter\u00e9s para los vecinos relacionados con \u00a0salud, medio ambiente, promoci\u00f3n de la participaci\u00f3n, diversidad cultural, acci\u00f3n social, cultura, servicios de informaci\u00f3n \u00a0atenci\u00f3n, denuncias, asesor\u00eda jur\u00eddica, pr\u00e9stamo de aceite dom\u00e9stico usado y pilas.<\/li>\n<\/ol>\n<p>&nbsp;<\/p>\n<p>[\/et_pb_text][\/et_pb_column][\/et_pb_row][\/et_pb_section]<\/p>\n","protected":false},"excerpt":{"rendered":"<p>[et_pb_section admin_label=\u00bbsection\u00bb][et_pb_row admin_label=\u00bbrow\u00bb][et_pb_column type=\u00bb4_4&#8243;][et_pb_text admin_label=\u00bbTexto\u00bb] Somos una organizaci\u00f3n de personas que vivimos en el mismo barrio, que buscamos soluciones a los problemas que tenemos como vecinos.\u00a0Desde su fundaci\u00f3n en 1986, \u00a0la Asociaci\u00f3n de Vecinos de Delicias \u00abManuel Viola\u00bb lleva trabajando\u00a0en el barrio, prestando atenci\u00f3n a la aparici\u00f3n de nuevos problemas ciudadanos, desarrollando proyectos y presentando [&hellip;]<\/p>\n","protected":false},"author":3,"featured_media":0,"comment_status":"open","ping_status":"closed","template":"","meta":{"_et_pb_use_builder":"on","_et_pb_old_content":"<p>Somos una organizaci\u00f3n de personas que vivimos en el mismo barrio, que <strong>buscamos soluciones a los problemas que tenemos como vecinos<\/strong>.\u00a0Desde su fundaci\u00f3n en 1986, \u00a0la Asociaci\u00f3n de Vecinos de Delicias \"Manuel Viola\" lleva trabajando\u00a0en el barrio, prestando atenci\u00f3n a la aparici\u00f3n de nuevos problemas ciudadanos, desarrollando proyectos y presentando propuestas de intervenci\u00f3n.<\/p><p>Con el paso del tiempo, la realidad del barrio ha ido cambiando y la Asociaci\u00f3n, tanto su organizaci\u00f3n como los que temas en que trabaja se han ido adaptando a las nuevas circunstancias. Nuestra finalidad sigue siendo la de promover la participaci\u00f3n de los vecinos y vecinas, implic\u00e1ndolos en la soluci\u00f3n de problemas y favoreciendo una mejor calidad de vida. Las palabras clave que nos definen ser\u00edan: <strong>participaci\u00f3n, reivindicaci\u00f3n, ciudadan\u00eda, aprendizaje, comunidad y mejora.<\/strong><\/p><p>Las grandes l\u00edneas de trabajo son las siguientes:<\/p><ol><li><strong>Reivindicaci\u00f3n<\/strong> de mejoras para el barrio.<\/li><li><strong>Informaci\u00f3n y prestaci\u00f3n de servicios<\/strong> \u00a0a los vecinos.<\/li><li><strong>Gesti\u00f3n de proyectos<\/strong> de inter\u00e9s para los vecinos relacionados con \u00a0salud, medio ambiente, promoci\u00f3n de la participaci\u00f3n, diversidad cultural, acci\u00f3n social, cultura, servicios de informaci\u00f3n \u00a0atenci\u00f3n, denuncias, asesor\u00eda jur\u00eddica, pr\u00e9stamo de aceite dom\u00e9stico usado y pilas.<\/li><\/ol><p>\u00a0<\/p>","_et_gb_content_width":""},"project_category":[54],"project_tag":[],"_links":{"self":[{"href":"https:\/\/avvdelicias.org\/index.php?rest_route=\/wp\/v2\/project\/1289"}],"collection":[{"href":"https:\/\/avvdelicias.org\/index.php?rest_route=\/wp\/v2\/project"}],"about":[{"href":"https:\/\/avvdelicias.org\/index.php?rest_route=\/wp\/v2\/types\/project"}],"author":[{"embeddable":true,"href":"https:\/\/avvdelicias.org\/index.php?rest_route=\/wp\/v2\/users\/3"}],"replies":[{"embeddable":true,"href":"https:\/\/avvdelicias.org\/index.php?rest_route=%2Fwp%2Fv2%2Fcomments&post=1289"}],"version-history":[{"count":4,"href":"https:\/\/avvdelicias.org\/index.php?rest_route=\/wp\/v2\/project\/1289\/revisions"}],"predecessor-version":[{"id":1918,"href":"https:\/\/avvdelicias.org\/index.php?rest_route=\/wp\/v2\/project\/1289\/revisions\/1918"}],"wp:attachment":[{"href":"https:\/\/avvdelicias.org\/index.php?rest_route=%2Fwp%2Fv2%2Fmedia&parent=1289"}],"wp:term":[{"taxonomy":"project_category","embeddable":true,"href":"https:\/\/avvdelicias.org\/index.php?rest_route=%2Fwp%2Fv2%2Fproject_category&post=1289"},{"taxonomy":"project_tag","embeddable":true,"href":"https:\/\/avvdelicias.org\/index.php?rest_route=%2Fwp%2Fv2%2Fproject_tag&post=1289"}],"curies":[{"name":"wp","href":"https:\/\/api.w.org\/{rel}","templated":true}]}}