{"id":2800,"date":"2017-12-20T13:17:45","date_gmt":"2017-12-20T13:17:45","guid":{"rendered":"http:\/\/avvdelicias.org\/?post_type=project&#038;p=2800"},"modified":"2017-12-20T13:18:10","modified_gmt":"2017-12-20T13:18:10","slug":"fallo-del-jurado-del-i-concurso-de-microrrelatos-delicias-2017","status":"publish","type":"project","link":"https:\/\/avvdelicias.org\/?project=fallo-del-jurado-del-i-concurso-de-microrrelatos-delicias-2017","title":{"rendered":"Fallo del Jurado del I Concurso de Microrrelatos Delicias 2017"},"content":{"rendered":"<p>[et_pb_section admin_label=\u00bbsection\u00bb][et_pb_row admin_label=\u00bbrow\u00bb][et_pb_column type=\u00bb1_2&#8243;][et_pb_image admin_label=\u00bbImagen\u00bb src=\u00bbhttp:\/\/avvdelicias.org\/wp-content\/uploads\/2017\/10\/I-Concurso-Microrrelatos-Delicias.jpg\u00bb show_in_lightbox=\u00bboff\u00bb url_new_window=\u00bboff\u00bb use_overlay=\u00bboff\u00bb animation=\u00bbleft\u00bb sticky=\u00bboff\u00bb align=\u00bbleft\u00bb force_fullwidth=\u00bboff\u00bb always_center_on_mobile=\u00bbon\u00bb use_border_color=\u00bboff\u00bb border_color=\u00bb#ffffff\u00bb border_style=\u00bbsolid\u00bb \/][\/et_pb_column][et_pb_column type=\u00bb1_2&#8243;][et_pb_text admin_label=\u00bbTexto\u00bb background_layout=\u00bblight\u00bb text_orientation=\u00bbleft\u00bb use_border_color=\u00bboff\u00bb border_color=\u00bb#ffffff\u00bb border_style=\u00bbsolid\u00bb]<\/p>\n<p class=\"p1\"><span class=\"s1\"><b>Fallo del Jurado del I Concurso de Microrrelatos de Delicias, Zaragoza. 2017<\/b><\/span><\/p>\n<p class=\"p2\"><span class=\"s1\">Este a\u00f1o se ha realizado la Primera Edici\u00f3n de un Concurso de Microrrelatos en Delicias organizado por la Asociaci\u00f3n de Vecinos de Delicias <i>\u201cManuel Viola\u201d<\/i> con la colaboraci\u00f3n de las Bibliotecas P\u00fablicas Municipales \u201cManuel Alvar\u201d y \u201cSanta Orosia\u201d y con el objetivo de fomentar la cultura literaria en nuestro barrio. Gracias a la financiaci\u00f3n a trav\u00e9s de la Convocatoria de Subvenciones de Proyectos Participativos de la Junta de Distrito de Delicias 2017 esta iniciativa ha sido posible, y esperamos contin\u00faar muchas ediciones m\u00e1s.<\/span><\/p>\n<p class=\"p2\"><span class=\"s1\">Para la dif\u00edcil tarea de jurado, hemos contado con la colaboraci\u00f3n de:<\/span><\/p>\n<ul>\n<li class=\"li3\"><span class=\"s1\">D\u00f1a. Encarna B\u00e9jar<\/span><\/li>\n<li class=\"li3\"><span class=\"s1\">D\u00f1a. Lourdes Villar<\/span><\/li>\n<li class=\"li3\"><span class=\"s1\">D\u00f1a. Laura Ma\u00f1as<\/span><\/li>\n<li class=\"li3\"><span class=\"s1\">D\u00f1a. Rosa Santos<\/span><\/li>\n<li class=\"li3\"><span class=\"s1\">Don Juan Antonio Mulero<\/span><\/li>\n<\/ul>\n<p class=\"p5\"><span class=\"s1\">Las personas premiadas del I Concurso de Microrrelatos de Delicias 2017 han sido:<\/span><\/p>\n<p class=\"p6\" style=\"text-align: center;\"><span class=\"s1\"><b>PRIMER PREMIO<\/b><\/span><\/p>\n<p class=\"p6\" style=\"text-align: center;\"><span class=\"s1\">Esther Muro Salavera<\/span><\/p>\n<p class=\"p6\" style=\"text-align: center;\"><span class=\"s1\">T\u00edtulo: <i>Gater\u00eda<\/i><\/span><\/p>\n<p class=\"p6\" style=\"text-align: center;\"><span class=\"s1\"><b>SEGUNDO PREMIO<\/b><\/span><\/p>\n<p class=\"p6\" style=\"text-align: center;\"><span class=\"s1\">Gabriel del Molino Romero<\/span><\/p>\n<p class=\"p6\" style=\"text-align: center;\"><span class=\"s1\">T\u00edtulo: <i>Recuerdos<\/i><\/span><\/p>\n<p class=\"p6\"><span class=\"s1\"><b>TERCER PREMIO<\/b><\/span><\/p>\n<p class=\"p6\"><span class=\"s1\">Mar\u00eda Porras Alc\u00f3n<\/span><\/p>\n<p class=\"p6\"><span class=\"s1\">T\u00edtulo: <i>Preferencias<\/i><\/span><\/p>\n<p class=\"p3\"><span class=\"s1\">MENCI\u00d3N ESPECIAL DEL JURADO:<\/span><\/p>\n<ul>\n<li class=\"li3\"><span class=\"s1\">Mar\u00eda del Coral Gonz\u00e1lez V\u00e1zquez\u00a0 \u00a0 \u00a0 \u00a0 T\u00edtulo: <i>Las dunas<\/i><\/span><\/li>\n<li class=\"li3\"><span class=\"s1\">Rosario Rubio Mill\u00e1n <span class=\"Apple-converted-space\">\u00a0 \u00a0 \u00a0 \u00a0 \u00a0 \u00a0 \u00a0 \u00a0 \u00a0 \u00a0 \u00a0 \u00a0 \u00a0 \u00a0 \u00a0 <\/span>T\u00edtulo: <i>Cubiertos<\/i><\/span><\/li>\n<\/ul>\n<p class=\"p5\"><span class=\"s1\">El acto de Entrega de Premios se realizar\u00e1 el viernes 22 de diciembre a las 19,30h. en la sede de la Asociaci\u00f3n de Vecinos de Delicias <i>\u201cManuel Viola\u201d<\/i>. <\/span><\/p>\n<p class=\"p5\"><span class=\"s1\">Gracias a todas las personas que hab\u00e9is participado, sin las cuales este Concurso no hubiera sido posible.<\/span><\/p>\n<p class=\"p6\"><span class=\"s1\"><b>\u00a1Esperamos continuar con pr\u00f3ximas ediciones y volver a contar con vosotras y vosotros!<\/b><\/span><\/p>\n<p>[\/et_pb_text][\/et_pb_column][\/et_pb_row][\/et_pb_section]<\/p>\n","protected":false},"excerpt":{"rendered":"<p>[et_pb_section admin_label=\u00bbsection\u00bb][et_pb_row admin_label=\u00bbrow\u00bb][et_pb_column type=\u00bb1_2&#8243;][et_pb_image admin_label=\u00bbImagen\u00bb src=\u00bbhttp:\/\/avvdelicias.org\/wp-content\/uploads\/2017\/10\/I-Concurso-Microrrelatos-Delicias.jpg\u00bb show_in_lightbox=\u00bboff\u00bb url_new_window=\u00bboff\u00bb use_overlay=\u00bboff\u00bb animation=\u00bbleft\u00bb sticky=\u00bboff\u00bb align=\u00bbleft\u00bb force_fullwidth=\u00bboff\u00bb always_center_on_mobile=\u00bbon\u00bb use_border_color=\u00bboff\u00bb border_color=\u00bb#ffffff\u00bb border_style=\u00bbsolid\u00bb \/][\/et_pb_column][et_pb_column type=\u00bb1_2&#8243;][et_pb_text admin_label=\u00bbTexto\u00bb background_layout=\u00bblight\u00bb text_orientation=\u00bbleft\u00bb use_border_color=\u00bboff\u00bb border_color=\u00bb#ffffff\u00bb border_style=\u00bbsolid\u00bb] Fallo del Jurado del I Concurso de Microrrelatos de Delicias, Zaragoza. 2017 Este a\u00f1o se ha realizado la Primera Edici\u00f3n de un Concurso de Microrrelatos en Delicias organizado por la [&hellip;]<\/p>\n","protected":false},"author":2,"featured_media":2705,"comment_status":"open","ping_status":"closed","template":"","meta":{"_et_pb_use_builder":"on","_et_pb_old_content":"","_et_gb_content_width":""},"project_category":[48],"project_tag":[],"_links":{"self":[{"href":"https:\/\/avvdelicias.org\/index.php?rest_route=\/wp\/v2\/project\/2800"}],"collection":[{"href":"https:\/\/avvdelicias.org\/index.php?rest_route=\/wp\/v2\/project"}],"about":[{"href":"https:\/\/avvdelicias.org\/index.php?rest_route=\/wp\/v2\/types\/project"}],"author":[{"embeddable":true,"href":"https:\/\/avvdelicias.org\/index.php?rest_route=\/wp\/v2\/users\/2"}],"replies":[{"embeddable":true,"href":"https:\/\/avvdelicias.org\/index.php?rest_route=%2Fwp%2Fv2%2Fcomments&post=2800"}],"version-history":[{"count":1,"href":"https:\/\/avvdelicias.org\/index.php?rest_route=\/wp\/v2\/project\/2800\/revisions"}],"predecessor-version":[{"id":2801,"href":"https:\/\/avvdelicias.org\/index.php?rest_route=\/wp\/v2\/project\/2800\/revisions\/2801"}],"wp:featuredmedia":[{"embeddable":true,"href":"https:\/\/avvdelicias.org\/index.php?rest_route=\/wp\/v2\/media\/2705"}],"wp:attachment":[{"href":"https:\/\/avvdelicias.org\/index.php?rest_route=%2Fwp%2Fv2%2Fmedia&parent=2800"}],"wp:term":[{"taxonomy":"project_category","embeddable":true,"href":"https:\/\/avvdelicias.org\/index.php?rest_route=%2Fwp%2Fv2%2Fproject_category&post=2800"},{"taxonomy":"project_tag","embeddable":true,"href":"https:\/\/avvdelicias.org\/index.php?rest_route=%2Fwp%2Fv2%2Fproject_tag&post=2800"}],"curies":[{"name":"wp","href":"https:\/\/api.w.org\/{rel}","templated":true}]}}