{"id":3154,"date":"2018-12-24T09:56:17","date_gmt":"2018-12-24T09:56:17","guid":{"rendered":"http:\/\/avvdelicias.org\/?post_type=project&#038;p=3154"},"modified":"2019-01-08T08:58:47","modified_gmt":"2019-01-08T08:58:47","slug":"fallo-del-jurado-ii-concurso-de-microrrelatos-2018","status":"publish","type":"project","link":"https:\/\/avvdelicias.org\/?project=fallo-del-jurado-ii-concurso-de-microrrelatos-2018","title":{"rendered":"Fallo del Jurado. II Concurso de Microrrelatos 2018"},"content":{"rendered":"<p>[et_pb_section admin_label=\u00bbsection\u00bb][et_pb_row admin_label=\u00bbrow\u00bb][et_pb_column type=\u00bb1_2&#8243;][et_pb_image admin_label=\u00bbImagen\u00bb src=\u00bbhttp:\/\/avvdelicias.org\/wp-content\/uploads\/2018\/11\/II-Concurso-Microrrelatos-Delicias.jpg\u00bb show_in_lightbox=\u00bboff\u00bb url_new_window=\u00bboff\u00bb use_overlay=\u00bboff\u00bb animation=\u00bbleft\u00bb sticky=\u00bboff\u00bb align=\u00bbleft\u00bb force_fullwidth=\u00bboff\u00bb always_center_on_mobile=\u00bbon\u00bb use_border_color=\u00bboff\u00bb border_color=\u00bb#ffffff\u00bb border_style=\u00bbsolid\u00bb] [\/et_pb_image][\/et_pb_column][et_pb_column type=\u00bb1_2&#8243;][et_pb_text admin_label=\u00bbTexto\u00bb background_layout=\u00bblight\u00bb text_orientation=\u00bbleft\u00bb use_border_color=\u00bboff\u00bb border_color=\u00bb#ffffff\u00bb border_style=\u00bbsolid\u00bb]<\/p>\n<h2><strong>Fallo del Jurado:<\/strong><\/h2>\n<p><strong>II Concurso de Microrrelatos de Delicias, Zaragoza 2018<\/strong><\/p>\n<p>Este a\u00f1o se ha realizado la Segunda Edici\u00f3n del Concurso de Microrrelatos en Delicias, organizado por la Asociaci\u00f3n de Vecinos de Delicias <em>\u201cManuel Viola\u201d <\/em>con la colaboraci\u00f3n de las Bibliotecas Municipales: Manuel Alvar y Santa Orosia, con el objetivo de fomentar la cultura literaria en Delicias.<\/p>\n<p>Para la dif\u00edcil tarea de jurado hemos contado con la colaboraci\u00f3n de:<\/p>\n<ul>\n<li>D\u00f1a. Lourdes Villar<\/li>\n<li>D\u00f1a. Laura Ma\u00f1as<\/li>\n<li>D\u00f1a. Rosa Santos<\/li>\n<li>Don Gabriel del Molino<\/li>\n<\/ul>\n<p>Las personas premiadas del II Concurso de Microrrelatos de Delicias 2018 han sido:<\/p>\n<p style=\"text-align: center;\"><strong>PRIMER PREMIO <\/strong><\/p>\n<p style=\"text-align: center;\"><strong>\u201cEl Don\u201d : <\/strong>Patricia Richmond<\/p>\n<p style=\"text-align: center;\"><strong>SEGUNDO PREMIO<\/strong><\/p>\n<p style=\"text-align: center;\"><strong> \u201cV\u00edbora\u201d: <\/strong>Maria Porras Alc\u00f3n<\/p>\n<p style=\"text-align: center;\"><strong>TERCER PREMIO<\/strong><\/p>\n<p style=\"text-align: center;\"><strong> \u201cC\u00f3mo el eco de un voz\u201d: <\/strong>Lu\u00eds Berdusan P\u00e9rez<\/p>\n<p style=\"text-align: left;\">MENCI\u00d3N ESPECIAL DEL JURADO:<\/p>\n<p>\u201c<em>Camisa Blanca\u201d \u00a0 \u00a0 \u00a0\u00a0 <\/em>Rodrigo S\u00e1nchez Mart\u00ed<\/p>\n<p><em>\u201cSorpresa\u201d\u00a0\u00a0\u00a0\u00a0\u00a0\u00a0\u00a0\u00a0\u00a0\u00a0\u00a0\u00a0\u00a0\u00a0 \u00a0 <\/em>Beatriz Carilla Egido<\/p>\n<p><em>\u201cSuerte en Paris\u201d\u00a0\u00a0\u00a0\u00a0\u00a0\u00a0 <\/em>David Cervera Vidal<\/p>\n<p>El acto de entrega de premios se realizar\u00e1 el mi\u00e9rcoles 30 de enero de 2019 a las 19,00 h en la sede de la Asociaci\u00f3n de Vecinos de Delicias \u201cManuel Viola\u201d C\/ Delicias, 44.<\/p>\n<p>Gracias a todas las personas que han participado sin las que este concurso no hubiera sido posible.<\/p>\n<p>&nbsp;<\/p>\n<p><strong>\u00a1Esperamos continuar con pr\u00f3ximas ediciones y volver a contar con vosotras y vosotros!<\/strong><\/p>\n<p>[\/et_pb_text][\/et_pb_column][\/et_pb_row][\/et_pb_section]<\/p>\n","protected":false},"excerpt":{"rendered":"<p>[et_pb_section admin_label=\u00bbsection\u00bb][et_pb_row admin_label=\u00bbrow\u00bb][et_pb_column type=\u00bb1_2&#8243;][et_pb_image admin_label=\u00bbImagen\u00bb src=\u00bbhttp:\/\/avvdelicias.org\/wp-content\/uploads\/2018\/11\/II-Concurso-Microrrelatos-Delicias.jpg\u00bb show_in_lightbox=\u00bboff\u00bb url_new_window=\u00bboff\u00bb use_overlay=\u00bboff\u00bb animation=\u00bbleft\u00bb sticky=\u00bboff\u00bb align=\u00bbleft\u00bb force_fullwidth=\u00bboff\u00bb always_center_on_mobile=\u00bbon\u00bb use_border_color=\u00bboff\u00bb border_color=\u00bb#ffffff\u00bb border_style=\u00bbsolid\u00bb] [\/et_pb_image][\/et_pb_column][et_pb_column type=\u00bb1_2&#8243;][et_pb_text admin_label=\u00bbTexto\u00bb background_layout=\u00bblight\u00bb text_orientation=\u00bbleft\u00bb use_border_color=\u00bboff\u00bb border_color=\u00bb#ffffff\u00bb border_style=\u00bbsolid\u00bb] Fallo del Jurado: II Concurso de Microrrelatos de Delicias, Zaragoza 2018 Este a\u00f1o se ha realizado la Segunda Edici\u00f3n del Concurso de Microrrelatos en Delicias, organizado por la Asociaci\u00f3n de [&hellip;]<\/p>\n","protected":false},"author":2,"featured_media":3091,"comment_status":"open","ping_status":"closed","template":"","meta":{"_et_pb_use_builder":"on","_et_pb_old_content":"","_et_gb_content_width":""},"project_category":[48],"project_tag":[],"_links":{"self":[{"href":"https:\/\/avvdelicias.org\/index.php?rest_route=\/wp\/v2\/project\/3154"}],"collection":[{"href":"https:\/\/avvdelicias.org\/index.php?rest_route=\/wp\/v2\/project"}],"about":[{"href":"https:\/\/avvdelicias.org\/index.php?rest_route=\/wp\/v2\/types\/project"}],"author":[{"embeddable":true,"href":"https:\/\/avvdelicias.org\/index.php?rest_route=\/wp\/v2\/users\/2"}],"replies":[{"embeddable":true,"href":"https:\/\/avvdelicias.org\/index.php?rest_route=%2Fwp%2Fv2%2Fcomments&post=3154"}],"version-history":[{"count":3,"href":"https:\/\/avvdelicias.org\/index.php?rest_route=\/wp\/v2\/project\/3154\/revisions"}],"predecessor-version":[{"id":3159,"href":"https:\/\/avvdelicias.org\/index.php?rest_route=\/wp\/v2\/project\/3154\/revisions\/3159"}],"wp:featuredmedia":[{"embeddable":true,"href":"https:\/\/avvdelicias.org\/index.php?rest_route=\/wp\/v2\/media\/3091"}],"wp:attachment":[{"href":"https:\/\/avvdelicias.org\/index.php?rest_route=%2Fwp%2Fv2%2Fmedia&parent=3154"}],"wp:term":[{"taxonomy":"project_category","embeddable":true,"href":"https:\/\/avvdelicias.org\/index.php?rest_route=%2Fwp%2Fv2%2Fproject_category&post=3154"},{"taxonomy":"project_tag","embeddable":true,"href":"https:\/\/avvdelicias.org\/index.php?rest_route=%2Fwp%2Fv2%2Fproject_tag&post=3154"}],"curies":[{"name":"wp","href":"https:\/\/api.w.org\/{rel}","templated":true}]}}