{"id":3261,"date":"2019-06-10T12:53:52","date_gmt":"2019-06-10T12:53:52","guid":{"rendered":"http:\/\/avvdelicias.org\/?post_type=project&#038;p=3261"},"modified":"2019-06-10T12:53:52","modified_gmt":"2019-06-10T12:53:52","slug":"3261","status":"publish","type":"project","link":"https:\/\/avvdelicias.org\/?project=3261","title":{"rendered":""},"content":{"rendered":"<p>[et_pb_section admin_label=\u00bbsection\u00bb][et_pb_row admin_label=\u00bbrow\u00bb][et_pb_column type=\u00bb1_2&#8243;][et_pb_image admin_label=\u00bbImagen\u00bb src=\u00bbhttp:\/\/avvdelicias.org\/wp-content\/uploads\/2019\/06\/Vista-previa-de-\u201cSin-ti\u0301tulo\u201d-1.jpg\u00bb show_in_lightbox=\u00bboff\u00bb url_new_window=\u00bboff\u00bb use_overlay=\u00bboff\u00bb animation=\u00bbleft\u00bb sticky=\u00bboff\u00bb align=\u00bbleft\u00bb force_fullwidth=\u00bboff\u00bb always_center_on_mobile=\u00bbon\u00bb use_border_color=\u00bboff\u00bb border_color=\u00bb#ffffff\u00bb border_style=\u00bbsolid\u00bb \/][\/et_pb_column][et_pb_column type=\u00bb1_2&#8243;][et_pb_text admin_label=\u00bbTexto\u00bb background_layout=\u00bblight\u00bb text_orientation=\u00bbleft\u00bb use_border_color=\u00bboff\u00bb border_color=\u00bb#ffffff\u00bb border_style=\u00bbsolid\u00bb]<\/p>\n<h1><strong>D\u00cdA 13 DE JUNIO A LAS 17,00 H <\/strong><\/h1>\n<p><strong>EN LA PLAZA DE LA CALLE DELICIAS<\/strong><\/p>\n<p>T<strong>ALLERES PARA LA CELEBRACI\u00d3N DE LA SANJUANADA 2019 en el Parque Delicias:<\/strong><\/p>\n<ul>\n<li>\u00a0 Elaboraci\u00f3n de caracterizaci\u00f3n : Se elaborar\u00e1n antifaces con telas de algod\u00f3n y pinturas de manos.<\/li>\n<li>\u00a0 Danzas populares<\/li>\n<\/ul>\n<p>Organiza el Grupo Parque Delicias<\/p>\n<p><a href=\"http:\/\/avvdelicias.org\/wp-content\/uploads\/2017\/10\/Logo-parque.jpg\"><img decoding=\"async\" loading=\"lazy\" class=\"size-full wp-image-2716 aligncenter\" src=\"http:\/\/avvdelicias.org\/wp-content\/uploads\/2017\/10\/Logo-parque.jpg\" alt=\"Logo parque\" width=\"442\" height=\"313\" srcset=\"https:\/\/avvdelicias.org\/wp-content\/uploads\/2017\/10\/Logo-parque.jpg 442w, https:\/\/avvdelicias.org\/wp-content\/uploads\/2017\/10\/Logo-parque-300x212.jpg 300w, https:\/\/avvdelicias.org\/wp-content\/uploads\/2017\/10\/Logo-parque-400x284.jpg 400w\" sizes=\"(max-width: 442px) 100vw, 442px\" \/><\/a><\/p>\n<p>[\/et_pb_text][\/et_pb_column][\/et_pb_row][\/et_pb_section]<\/p>\n","protected":false},"excerpt":{"rendered":"<p>[et_pb_section admin_label=\u00bbsection\u00bb][et_pb_row admin_label=\u00bbrow\u00bb][et_pb_column type=\u00bb1_2&#8243;][et_pb_image admin_label=\u00bbImagen\u00bb src=\u00bbhttp:\/\/avvdelicias.org\/wp-content\/uploads\/2019\/06\/Vista-previa-de-\u201cSin-ti\u0301tulo\u201d-1.jpg\u00bb show_in_lightbox=\u00bboff\u00bb url_new_window=\u00bboff\u00bb use_overlay=\u00bboff\u00bb animation=\u00bbleft\u00bb sticky=\u00bboff\u00bb align=\u00bbleft\u00bb force_fullwidth=\u00bboff\u00bb always_center_on_mobile=\u00bbon\u00bb use_border_color=\u00bboff\u00bb border_color=\u00bb#ffffff\u00bb border_style=\u00bbsolid\u00bb \/][\/et_pb_column][et_pb_column type=\u00bb1_2&#8243;][et_pb_text admin_label=\u00bbTexto\u00bb background_layout=\u00bblight\u00bb text_orientation=\u00bbleft\u00bb use_border_color=\u00bboff\u00bb border_color=\u00bb#ffffff\u00bb border_style=\u00bbsolid\u00bb] D\u00cdA 13 DE JUNIO A LAS 17,00 H EN LA PLAZA DE LA CALLE DELICIAS TALLERES PARA LA CELEBRACI\u00d3N DE LA SANJUANADA 2019 en el Parque Delicias: \u00a0 Elaboraci\u00f3n de [&hellip;]<\/p>\n","protected":false},"author":2,"featured_media":3263,"comment_status":"open","ping_status":"closed","template":"","meta":{"_et_pb_use_builder":"on","_et_pb_old_content":"","_et_gb_content_width":""},"project_category":[51],"project_tag":[],"_links":{"self":[{"href":"https:\/\/avvdelicias.org\/index.php?rest_route=\/wp\/v2\/project\/3261"}],"collection":[{"href":"https:\/\/avvdelicias.org\/index.php?rest_route=\/wp\/v2\/project"}],"about":[{"href":"https:\/\/avvdelicias.org\/index.php?rest_route=\/wp\/v2\/types\/project"}],"author":[{"embeddable":true,"href":"https:\/\/avvdelicias.org\/index.php?rest_route=\/wp\/v2\/users\/2"}],"replies":[{"embeddable":true,"href":"https:\/\/avvdelicias.org\/index.php?rest_route=%2Fwp%2Fv2%2Fcomments&post=3261"}],"version-history":[{"count":2,"href":"https:\/\/avvdelicias.org\/index.php?rest_route=\/wp\/v2\/project\/3261\/revisions"}],"predecessor-version":[{"id":4654,"href":"https:\/\/avvdelicias.org\/index.php?rest_route=\/wp\/v2\/project\/3261\/revisions\/4654"}],"wp:featuredmedia":[{"embeddable":true,"href":"https:\/\/avvdelicias.org\/index.php?rest_route=\/wp\/v2\/media\/3263"}],"wp:attachment":[{"href":"https:\/\/avvdelicias.org\/index.php?rest_route=%2Fwp%2Fv2%2Fmedia&parent=3261"}],"wp:term":[{"taxonomy":"project_category","embeddable":true,"href":"https:\/\/avvdelicias.org\/index.php?rest_route=%2Fwp%2Fv2%2Fproject_category&post=3261"},{"taxonomy":"project_tag","embeddable":true,"href":"https:\/\/avvdelicias.org\/index.php?rest_route=%2Fwp%2Fv2%2Fproject_tag&post=3261"}],"curies":[{"name":"wp","href":"https:\/\/api.w.org\/{rel}","templated":true}]}}