{"id":4986,"date":"2022-12-23T12:53:05","date_gmt":"2022-12-23T12:53:05","guid":{"rendered":"http:\/\/avvdelicias.org\/?post_type=project&#038;p=4986"},"modified":"2022-12-23T12:53:05","modified_gmt":"2022-12-23T12:53:05","slug":"fallo-jurado-v-concurso-de-microrrelatos-delicias-2022","status":"publish","type":"project","link":"https:\/\/avvdelicias.org\/?project=fallo-jurado-v-concurso-de-microrrelatos-delicias-2022","title":{"rendered":"Fallo Jurado V Concurso de Microrrelatos Delicias 2022"},"content":{"rendered":"<p>[et_pb_section admin_label=\u00bbsection\u00bb][et_pb_row admin_label=\u00bbrow\u00bb][et_pb_column type=\u00bb4_4&#8243;][et_pb_post_title admin_label=\u00bbT\u00edtulo de publicaci\u00f3n\u00bb title=\u00bbon\u00bb meta=\u00bbon\u00bb author=\u00bboff\u00bb date=\u00bboff\u00bb categories=\u00bbon\u00bb comments=\u00bbon\u00bb featured_image=\u00bbon\u00bb featured_placement=\u00bbbelow\u00bb parallax_effect=\u00bbon\u00bb parallax_method=\u00bbon\u00bb text_orientation=\u00bbleft\u00bb text_color=\u00bbdark\u00bb text_background=\u00bboff\u00bb text_bg_color=\u00bbrgba(255,255,255,0.9)\u00bb module_bg_color=\u00bbrgba(255,255,255,0)\u00bb use_border_color=\u00bboff\u00bb border_color=\u00bb#ffffff\u00bb border_style=\u00bbsolid\u00bb \/][et_pb_image admin_label=\u00bbImagen\u00bb src=\u00bbhttp:\/\/avvdelicias.org\/wp-content\/uploads\/2022\/10\/tittuo-VMIcrro.png\u00bb title_text=\u00bbFALLO DEL JURADO \u00bb show_in_lightbox=\u00bboff\u00bb url_new_window=\u00bboff\u00bb use_overlay=\u00bboff\u00bb animation=\u00bbleft\u00bb sticky=\u00bboff\u00bb align=\u00bbleft\u00bb force_fullwidth=\u00bboff\u00bb always_center_on_mobile=\u00bbon\u00bb use_border_color=\u00bboff\u00bb border_color=\u00bb#ffffff\u00bb border_style=\u00bbsolid\u00bb] [\/et_pb_image][et_pb_text admin_label=\u00bbTexto\u00bb background_layout=\u00bblight\u00bb text_orientation=\u00bbleft\u00bb use_border_color=\u00bboff\u00bb border_color=\u00bb#ffffff\u00bb border_style=\u00bbsolid\u00bb]<\/p>\n<p style=\"font-weight: 400;\"><strong>Zaragoza, 2022<\/strong><\/p>\n<p style=\"font-weight: 400;\">Se ha realizado la V Edici\u00f3n del Concurso de Microrrelatos en Delicias organizado por la Asociaci\u00f3n Vecinal Delicias <em>\u201cManuel Viola\u201d <\/em>en colaboraci\u00f3n con las Bibliotecas Publicas Municipales \u201cManuel Alvar\u201d y \u201cSanta Orosia\u201d y la Comisi\u00f3n de Fiestas, con la financiaci\u00f3n del Ayuntamiento de Zaragoza. El objetivo ha sido fomentar y visibilizar el talento y la creatividad literaria en la poblaci\u00f3n de Delicias y proponer actividades culturales que promocionen el libro y la lectura.<\/p>\n<p style=\"font-weight: 400;\">Agradecemos la gran participaci\u00f3n que ha tenido esta edici\u00f3n.<\/p>\n<p style=\"font-weight: 400;\">Para la dif\u00edcil tarea de jurado, se ha contado con:<\/p>\n<ul>\n<li>Pe\u00f1a Garc\u00eda<\/li>\n<li>Laura Ma\u00f1as<\/li>\n<li>Rosa Santos<\/li>\n<li>Carlos Sanz<\/li>\n<li>Alfonso G\u00f3mez<\/li>\n<li>Jos\u00e9 \u00c1ngel Ochoa<\/li>\n<\/ul>\n<p style=\"font-weight: 400;\">Los premiados en las diferentes categor\u00edas han sido:<\/p>\n<p style=\"font-weight: 400;\"><strong><u>De 6 a 12 a\u00f1os<\/u><\/strong><\/p>\n<p style=\"font-weight: 400;\">&#8211; <strong>SABA FORTIT PUYAL<\/strong> con la obra<strong> \u201cTerror en el cole\u201d, <\/strong>premiado con un vale de 75 \u20ac<\/p>\n<p style=\"font-weight: 400;\"><strong>&#8211; CHRISTIAN PERNAYER GIRONA <\/strong>con la obra<strong> \u201cColo Man\u201d, <\/strong>premiado con un vale de 75 \u20ac<\/p>\n<p style=\"font-weight: 400;\"><strong>&#8211; WISSAM BACHIK ZERDALI <\/strong>con la obra<strong> \u201cUn d\u00eda gracioso\u201d<\/strong>, premiado con un vale de 75 \u20ac<\/p>\n<p style=\"font-weight: 400;\"><strong><u>Mayores de 18 a\u00f1os<\/u><\/strong><\/p>\n<p style=\"font-weight: 400;\"><strong>1\u00ba- JOS\u00c9 MIGUEL LOSCOS VILLAFRANCA <\/strong>con la obra<strong> \u201cDame calor\u00edas\u201d, <\/strong>premiado con un vale de 150 \u20ac<\/p>\n<p style=\"font-weight: 400;\"><strong>2\u00ba-<\/strong> <strong>RA\u00daL GARC\u00c9S REDONDO<\/strong> con la obra<strong> \u201cToda una santa\u201d<\/strong>, premiado con un vale de 112,50 \u20ac<\/p>\n<p style=\"font-weight: 400;\"><strong>2\u00ba- CRISTINA LABORDA MARTINEZ <\/strong>con la obra<strong> \u201cOlores\u201d, <\/strong>premiado con un vale de 112,50 \u20ac<\/p>\n<p style=\"font-weight: 400;\">En la categor\u00eda de 6 a 12 a\u00f1os se ha decidido repartir el importe del premio entre los ni\u00f1os y ni\u00f1as participantes.<\/p>\n<p style=\"font-weight: 400;\">En la valoraci\u00f3n de la categor\u00eda de mayores de 18 a\u00f1os se ha producido un empate en el segundo premio por lo que el Jurado ha decidido repartir el importe del premio y que tengamos dos segundos.<\/p>\n<p style=\"font-weight: 400;\">El premio correspondiente a la categor\u00eda de 13 a 17 a\u00f1os ha quedado desierto.<\/p>\n<p style=\"font-weight: 400;\"><strong>\u00a0<\/strong><\/p>\n<p style=\"font-weight: 400;\"><strong>\u00a1Esperamos continuar con pr\u00f3ximas ediciones y volver a contar con vosotras y vosotros! <\/strong><\/p>\n<p style=\"font-weight: 400;\">En Zaragoza, a 22 de Diciembre de 2022<\/p>\n<p>[\/et_pb_text][\/et_pb_column][\/et_pb_row][\/et_pb_section]<\/p>\n","protected":false},"excerpt":{"rendered":"<p>[et_pb_section admin_label=\u00bbsection\u00bb][et_pb_row admin_label=\u00bbrow\u00bb][et_pb_column type=\u00bb4_4&#8243;][et_pb_post_title admin_label=\u00bbT\u00edtulo de publicaci\u00f3n\u00bb title=\u00bbon\u00bb meta=\u00bbon\u00bb author=\u00bboff\u00bb date=\u00bboff\u00bb categories=\u00bbon\u00bb comments=\u00bbon\u00bb featured_image=\u00bbon\u00bb featured_placement=\u00bbbelow\u00bb parallax_effect=\u00bbon\u00bb parallax_method=\u00bbon\u00bb text_orientation=\u00bbleft\u00bb text_color=\u00bbdark\u00bb text_background=\u00bboff\u00bb text_bg_color=\u00bbrgba(255,255,255,0.9)\u00bb module_bg_color=\u00bbrgba(255,255,255,0)\u00bb use_border_color=\u00bboff\u00bb border_color=\u00bb#ffffff\u00bb border_style=\u00bbsolid\u00bb \/][et_pb_image admin_label=\u00bbImagen\u00bb src=\u00bbhttp:\/\/avvdelicias.org\/wp-content\/uploads\/2022\/10\/tittuo-VMIcrro.png\u00bb title_text=\u00bbFALLO DEL JURADO \u00bb show_in_lightbox=\u00bboff\u00bb url_new_window=\u00bboff\u00bb use_overlay=\u00bboff\u00bb animation=\u00bbleft\u00bb sticky=\u00bboff\u00bb align=\u00bbleft\u00bb force_fullwidth=\u00bboff\u00bb always_center_on_mobile=\u00bbon\u00bb use_border_color=\u00bboff\u00bb border_color=\u00bb#ffffff\u00bb border_style=\u00bbsolid\u00bb] [\/et_pb_image][et_pb_text admin_label=\u00bbTexto\u00bb background_layout=\u00bblight\u00bb text_orientation=\u00bbleft\u00bb use_border_color=\u00bboff\u00bb border_color=\u00bb#ffffff\u00bb border_style=\u00bbsolid\u00bb] Zaragoza, 2022 Se ha realizado [&hellip;]<\/p>\n","protected":false},"author":2,"featured_media":4674,"comment_status":"open","ping_status":"closed","template":"","meta":{"_et_pb_use_builder":"on","_et_pb_old_content":"","_et_gb_content_width":""},"project_category":[48],"project_tag":[],"_links":{"self":[{"href":"https:\/\/avvdelicias.org\/index.php?rest_route=\/wp\/v2\/project\/4986"}],"collection":[{"href":"https:\/\/avvdelicias.org\/index.php?rest_route=\/wp\/v2\/project"}],"about":[{"href":"https:\/\/avvdelicias.org\/index.php?rest_route=\/wp\/v2\/types\/project"}],"author":[{"embeddable":true,"href":"https:\/\/avvdelicias.org\/index.php?rest_route=\/wp\/v2\/users\/2"}],"replies":[{"embeddable":true,"href":"https:\/\/avvdelicias.org\/index.php?rest_route=%2Fwp%2Fv2%2Fcomments&post=4986"}],"version-history":[{"count":4,"href":"https:\/\/avvdelicias.org\/index.php?rest_route=\/wp\/v2\/project\/4986\/revisions"}],"predecessor-version":[{"id":4990,"href":"https:\/\/avvdelicias.org\/index.php?rest_route=\/wp\/v2\/project\/4986\/revisions\/4990"}],"wp:featuredmedia":[{"embeddable":true,"href":"https:\/\/avvdelicias.org\/index.php?rest_route=\/wp\/v2\/media\/4674"}],"wp:attachment":[{"href":"https:\/\/avvdelicias.org\/index.php?rest_route=%2Fwp%2Fv2%2Fmedia&parent=4986"}],"wp:term":[{"taxonomy":"project_category","embeddable":true,"href":"https:\/\/avvdelicias.org\/index.php?rest_route=%2Fwp%2Fv2%2Fproject_category&post=4986"},{"taxonomy":"project_tag","embeddable":true,"href":"https:\/\/avvdelicias.org\/index.php?rest_route=%2Fwp%2Fv2%2Fproject_tag&post=4986"}],"curies":[{"name":"wp","href":"https:\/\/api.w.org\/{rel}","templated":true}]}}