{"id":5929,"date":"2024-03-04T10:07:33","date_gmt":"2024-03-04T10:07:33","guid":{"rendered":"https:\/\/avvdelicias.org\/?post_type=project&#038;p=5929"},"modified":"2024-03-04T10:07:36","modified_gmt":"2024-03-04T10:07:36","slug":"soy-cientifica-vivo-en-tu-barrio-2024","status":"publish","type":"project","link":"https:\/\/avvdelicias.org\/?project=soy-cientifica-vivo-en-tu-barrio-2024","title":{"rendered":"Soy Cient\u00edfica, vivo en tu Barrio. 2024"},"content":{"rendered":"<p>[et_pb_section fb_built=\u00bb1&#8243; _builder_version=\u00bb4.5.3&#8243; _module_preset=\u00bbdefault\u00bb][et_pb_row _builder_version=\u00bb4.5.3&#8243; _module_preset=\u00bbdefault\u00bb column_structure=\u00bb1_2,1_2&#8243;][et_pb_column _builder_version=\u00bb4.5.3&#8243; _module_preset=\u00bbdefault\u00bb type=\u00bb1_2&#8243;][et_pb_image _builder_version=\u00bb4.5.3&#8243; _module_preset=\u00bbdefault\u00bb title_text=\u00bbMesa 11F24&#8243; src=\u00bbhttp:\/\/avvdelicias.org\/wp-content\/uploads\/2024\/03\/Mesa-11F24.png\u00bb hover_enabled=\u00bb0&#8243;][\/et_pb_image][\/et_pb_column][et_pb_column _builder_version=\u00bb4.5.3&#8243; _module_preset=\u00bbdefault\u00bb type=\u00bb1_2&#8243;][et_pb_text _builder_version=\u00bb4.5.3&#8243; _module_preset=\u00bbdefault\u00bb link_option_url=\u00bbhttps:\/\/ucc.unizar.es\/11f\u00bb hover_enabled=\u00bb0&#8243;]<\/p>\n<h2><span style=\"color: #99cc00;\"><strong>EXPOSICI\u00d3N: Soy cient\u00edfica, vivo en tu Barrio, 2024.<\/strong><\/span><\/h2>\n<p>El 15 de diciembre de 2015 la Asamblea General de las Naciones Unidas proclam\u00f3 el <strong>11 de febrero D\u00eda Internacional de la Mujer y la Ni\u00f1a en la Ciencia,<\/strong> invitando a que se organizaran actividades de educaci\u00f3n y sensibilizaci\u00f3n p\u00fablica que ayudaran a lograr una mayor participaci\u00f3n y progreso de las mujeres y las ni\u00f1as en la ciencia. Para celebrar este d\u00eda, se han organizado actividades en la Asociaci\u00f3n Vecinal Delicias \u00abManuel Viola\u00bb, con la colaboraci\u00f3n de la Universidad de Zaragoza.<\/p>\n<p><strong>MESA REDONDA: El d\u00eda 13 de marzo a las 18,00 h<\/strong> podremos conversar con alguna de las cient\u00edficas que este a\u00f1o han sido las protagonistas.<\/p>\n<p>En la Asociaci\u00f3n Vecinal Delicias \u00abManuel Viola\u00bb, se podr\u00e1 ver la <strong>Exposici\u00f3n<\/strong> con las fotograf\u00edas las cient\u00edficas que han colaborado en esta edici\u00f3n. El horario de la Exposici\u00f3n ser\u00e1 de lunes a viernes, de 10,00 h a 12,00 h y de lunes a jueves, de 17,00 h a 19,00 h. Esperamos que pod\u00e1is disfrutarla.<\/p>\n<p>Agradecemos la colaboraci\u00f3n de la Universidad de Zaragoza<\/p>\n<a href='https:\/\/ucc.unizar.es\/11f' class='small-button smallgreen' target=\"_blank\">M\u00c1S INFORMACI\u00d3N<\/a>\n<p>[\/et_pb_text][\/et_pb_column][\/et_pb_row][\/et_pb_section]<\/p>\n","protected":false},"excerpt":{"rendered":"<p>[et_pb_section fb_built=\u00bb1&#8243; _builder_version=\u00bb4.5.3&#8243; _module_preset=\u00bbdefault\u00bb][et_pb_row _builder_version=\u00bb4.5.3&#8243; _module_preset=\u00bbdefault\u00bb column_structure=\u00bb1_2,1_2&#8243;][et_pb_column _builder_version=\u00bb4.5.3&#8243; _module_preset=\u00bbdefault\u00bb type=\u00bb1_2&#8243;][et_pb_image _builder_version=\u00bb4.5.3&#8243; _module_preset=\u00bbdefault\u00bb title_text=\u00bbMesa 11F24&#8243; src=\u00bbhttp:\/\/avvdelicias.org\/wp-content\/uploads\/2024\/03\/Mesa-11F24.png\u00bb hover_enabled=\u00bb0&#8243;][\/et_pb_image][\/et_pb_column][et_pb_column _builder_version=\u00bb4.5.3&#8243; _module_preset=\u00bbdefault\u00bb type=\u00bb1_2&#8243;][et_pb_text _builder_version=\u00bb4.5.3&#8243; _module_preset=\u00bbdefault\u00bb link_option_url=\u00bbhttps:\/\/ucc.unizar.es\/11f\u00bb hover_enabled=\u00bb0&#8243;] EXPOSICI\u00d3N: Soy cient\u00edfica, vivo en tu Barrio, 2024. El 15 de diciembre de 2015 la Asamblea General de las Naciones Unidas proclam\u00f3 el 11 de febrero D\u00eda Internacional de la Mujer y [&hellip;]<\/p>\n","protected":false},"author":2,"featured_media":5932,"comment_status":"open","ping_status":"closed","template":"","meta":{"_et_pb_use_builder":"on","_et_pb_old_content":"","_et_gb_content_width":""},"project_category":[51,50],"project_tag":[],"_links":{"self":[{"href":"https:\/\/avvdelicias.org\/index.php?rest_route=\/wp\/v2\/project\/5929"}],"collection":[{"href":"https:\/\/avvdelicias.org\/index.php?rest_route=\/wp\/v2\/project"}],"about":[{"href":"https:\/\/avvdelicias.org\/index.php?rest_route=\/wp\/v2\/types\/project"}],"author":[{"embeddable":true,"href":"https:\/\/avvdelicias.org\/index.php?rest_route=\/wp\/v2\/users\/2"}],"replies":[{"embeddable":true,"href":"https:\/\/avvdelicias.org\/index.php?rest_route=%2Fwp%2Fv2%2Fcomments&post=5929"}],"version-history":[{"count":3,"href":"https:\/\/avvdelicias.org\/index.php?rest_route=\/wp\/v2\/project\/5929\/revisions"}],"predecessor-version":[{"id":5935,"href":"https:\/\/avvdelicias.org\/index.php?rest_route=\/wp\/v2\/project\/5929\/revisions\/5935"}],"wp:featuredmedia":[{"embeddable":true,"href":"https:\/\/avvdelicias.org\/index.php?rest_route=\/wp\/v2\/media\/5932"}],"wp:attachment":[{"href":"https:\/\/avvdelicias.org\/index.php?rest_route=%2Fwp%2Fv2%2Fmedia&parent=5929"}],"wp:term":[{"taxonomy":"project_category","embeddable":true,"href":"https:\/\/avvdelicias.org\/index.php?rest_route=%2Fwp%2Fv2%2Fproject_category&post=5929"},{"taxonomy":"project_tag","embeddable":true,"href":"https:\/\/avvdelicias.org\/index.php?rest_route=%2Fwp%2Fv2%2Fproject_tag&post=5929"}],"curies":[{"name":"wp","href":"https:\/\/api.w.org\/{rel}","templated":true}]}}