{"id":6038,"date":"2024-05-06T16:29:50","date_gmt":"2024-05-06T16:29:50","guid":{"rendered":"https:\/\/avvdelicias.org\/?post_type=project&#038;p=6038"},"modified":"2024-05-06T16:36:42","modified_gmt":"2024-05-06T16:36:42","slug":"borrador-automatico-9","status":"publish","type":"project","link":"https:\/\/avvdelicias.org\/?project=borrador-automatico-9","title":{"rendered":"FORO SALUD COMUNITARIA DELICIAS"},"content":{"rendered":"<p>[et_pb_section fb_built=\u00bb1&#8243; _builder_version=\u00bb4.5.3&#8243; _module_preset=\u00bbdefault\u00bb][et_pb_row column_structure=\u00bb2_5,3_5&#8243; _builder_version=\u00bb4.5.3&#8243; _module_preset=\u00bbdefault\u00bb][et_pb_column type=\u00bb2_5&#8243; _builder_version=\u00bb4.5.3&#8243; _module_preset=\u00bbdefault\u00bb][et_pb_button button_url=\u00bbhttps:\/\/www.google.com\/maps\/d\/viewer?mid=1oGQVHNbz3PMB2xk_DCygzuPi0kRs8bs&#038;ll=41.65055314553374%2C-0.9093997198638282&#038;z=14&#8243; button_text=\u00bbMAPA DE ACTIVOS SALUD DE DELICIAS\u00bb _builder_version=\u00bb4.5.3&#8243; _module_preset=\u00bbdefault\u00bb custom_button=\u00bbon\u00bb][\/et_pb_button][et_pb_image src=\u00bbhttp:\/\/avvdelicias.org\/wp-content\/uploads\/2024\/05\/Captura-de-pantalla-2024-05-06-a-las-18.25.57.png\u00bb title_text=\u00bbCaptura de pantalla 2024-05-06 a las 18.25.57&#8243; url=\u00bbhttps:\/\/www.google.com\/maps\/d\/viewer?mid=1oGQVHNbz3PMB2xk_DCygzuPi0kRs8bs&#038;ll=41.65055314553374%2C-0.9093997198638282&#038;z=14&#8243; _builder_version=\u00bb4.5.3&#8243; _module_preset=\u00bbdefault\u00bb][\/et_pb_image][\/et_pb_column][et_pb_column type=\u00bb3_5&#8243; _builder_version=\u00bb4.5.3&#8243; _module_preset=\u00bbdefault\u00bb][et_pb_text _builder_version=\u00bb4.5.3&#8243; _module_preset=\u00bbdefault\u00bb]<\/p>\n<h4><b>\u00bfQu\u00e9 es el FORO DE SALUD COMUNITARIA DE DELICIAS?<\/b><\/h4>\n<p><span style=\"font-weight: 400;\">El Foro de salud comunitaria Delicias est\u00e1 formado por entidades p\u00fablicas\u00a0 y sociales, que trabajamos para generar entornos saludables, que mejoren la calidad de vida y del bienestar emocional de los vecinos y vecinas. Este a\u00f1o hemos realizado el mapeo de activos del barrio que se presentar\u00e1 el viernes d\u00eda 10 de Mayo de 2024, en la FERIA DE SALUD COMUNITARIA DE DELICIAS. Distintos grupos de j\u00f3venes, adultos y mayores hemos salido al barrio a identificar las riquezas y los recursos que hay y que nos generan salud, ha sido un proceso participativo y centrado en lo que nos hace estar sanos. El resultado lo pod\u00e9is consultar en el siguiente enlace:<strong><span style=\"color: #ff00ff;\"> <a style=\"color: #ff00ff;\" href=\"https:\/\/www.google.com\/maps\/d\/viewer?mid=1oGQVHNbz3PMB2xk_DCygzuPi0kRs8bs&amp;ll=41.65055314553374%2C-0.9093997198638282&amp;z=14\">MAPA DE ACTIVOS DE DELICIAS<\/a><\/span><\/strong><\/span><\/p>\n<h6><b>Entidades que formamos el Foro<\/b><span style=\"font-weight: 400;\">:\u00a0\u00a0<\/span><\/h6>\n<p><span style=\"font-weight: 400;\">Aldeas Infantiles, ASAPME, Asociaci\u00f3n Vecinal Delicias \u201c<\/span><i><span style=\"font-weight: 400;\">Manuel Viola<\/span><\/i><span style=\"font-weight: 400;\">\u201d, Centros de Convivencia de Mayores: Delicias, Ciudad Jard\u00edn y Terminillo;\u00a0 Centro Socio Laboral (ADUNARE), Centros Municipales de Servicios Sociales Delicias 1 y 2, Centros de salud Delicias Norte, Delicias Sur, Bombarda y Univ\u00e9rsitas; Centros educativos Infantil y Primaria\u00a0 Andres Manj\u00f3n y Jose M\u00aa Mir; Institutos Secundaria El Portillo y Jer\u00f3nimo Zurita;\u00a0 Colegio Salesianos, C\u00e1ritas, Fundaci\u00f3n Cruz Blanca, Fundaci\u00f3n Adunare, Fundaci\u00f3n Atenci\u00f3n temprana, YMCA.<\/span><\/p>\n<h2><span style=\"color: #ff99cc;\"><strong>FERIA DE SALUD COMUNITARIA DELICIAS: \u00abDelicias para tu SALUD\u00bb<\/strong><\/span><\/h2>\n<p style=\"font-weight: 400;\">El objetivo de la Feria de Salud es poner de relieve la actuaci\u00f3n del Foro de Salud Comunitaria Deliciasorientada hacia la promoci\u00f3n de la Salud en el Distrito de Delicias.<\/p>\n<p style=\"font-weight: 400;\"><strong>FECHA DE REALIZACI\u00d3N<\/strong>: 10 de mayo de 2024<\/p>\n<p style=\"font-weight: 400;\"><strong>LUGAR<\/strong>: Plaza de la Convivencia y Centro C\u00edvico Esquinas<\/p>\n<p><strong>PROGRAMACI\u00d3N:<\/strong><\/p>\n<h4><span style=\"text-decoration: underline; color: #ff99cc;\"><b>PROGRAMACI\u00d3N POR LA MA\u00d1ANA<\/b><\/span><\/h4>\n<p><span style=\"font-weight: 400;\">10,00 -11,20: <strong>Presentaci\u00f3n del Foro de Salud Comunitaria de Delicias y el Mapa de Activos<\/strong>. <\/span>Sal\u00f3n de actos \u00a0 \u201cAvempace\u201d, edificio SALUD. Plaza de la convivencia.<\/p>\n<p>11,30 : <strong>Inauguraci\u00f3n de la I Feria Salud Comunitaria de Delicias<\/strong><\/p>\n<p><span style=\"font-weight: 400;\">10,00 -11,00: <\/span><span><b>Grupo de apego\u00a0 en el embarazo y crianza<\/b><\/span><span style=\"font-weight: 400;\"> (Centro municipal de servicios sociales Delicias, Zona salud Joven) Centro c\u00edvico, SALA 6.<\/span><\/p>\n<p><span style=\"font-weight: 400;\">10,30-11,15: <\/span><span><b>Taller de terapia asistida con animales<\/b><\/span><span style=\"font-weight: 400;\"> (C\u00e1ritas). Centro c\u00edvico, SALA 11.<\/span><\/p>\n<p><span style=\"font-weight: 400;\">10,30- 12,00: <\/span><span><b>La salud sexual y el amor como fuente de vida<\/b><\/span><span style=\"font-weight: 400;\">. (Centro de convivencia de mayores). Centro c\u00edvico, SALA 10.\u00a0<\/span><\/p>\n<p><span style=\"font-weight: 400;\">11,00 -12,00: \u00a0<\/span><span><b>Sesi\u00f3n informativa, \u201cEntender el autismo, primeros indicadores, diagn\u00f3stico y posible evoluci\u00f3n\u201d<\/b><\/span><span style=\"font-weight: 400;\">. (Fundaci\u00f3n atenci\u00f3n temprana). Centro c\u00edvico, SALA 6.<\/span><\/p>\n<p><span style=\"font-weight: 400;\">11,30-13,00: <\/span><span><b>Mindfulness, atenci\u00f3n, aceptaci\u00f3n y compasi\u00f3n.<\/b><\/span><span style=\"font-weight: 400;\"> (Centro de convivencia de mayores). Centro c\u00edvico, SALA 11.\u00a0\u00a0<\/span><\/p>\n<p><span style=\"font-weight: 400;\">12,00-12,30:\u00a0<\/span><span><b> Sesi\u00f3n informativa sobre documento de voluntades anticipadas <\/b><\/span><span style=\"font-weight: 400;\">(Centro salud Delicias sur y Bombarda). Centro c\u00edvico, SALA 10.\u00a0<\/span><\/p>\n<p><span style=\"font-weight: 400;\">12,00-13,00: <\/span><span><b>Taller de serigraf\u00eda <\/b><\/span><span style=\"font-weight: 400;\">(Centro sociolaboral Delicias). Centro c\u00edvico, SALA 11.<\/span><\/p>\n<p><span style=\"font-weight: 400;\">12,00-12:30: <\/span><span><b>Clase de Zumba<\/b><\/span><span style=\"font-weight: 400;\"> (Centro deportivo municipal Duquesa Villahermosa). Plaza de la Convivencia.<\/span><\/p>\n<p><span style=\"font-weight: 400;\">12,30-13,00: <\/span><span><b>Clase de Taichi<\/b><\/span><span style=\"font-weight: 400;\"> (Centro deportivo municipal Duquesa Villahermosa). Plaza de la Convivencia.<\/span><\/p>\n<p><span style=\"font-weight: 400;\">12,30-13,30: <\/span><span><b>Taller de prevenci\u00f3n en la salud sexual de los j\u00f3venes <\/b><\/span><span style=\"font-weight: 400;\">(Fundaci\u00f3n Cruz Blanca).\u00a0 Centro c\u00edvico, SALA 10.<\/span><\/p>\n<p><span style=\"font-weight: 400;\">\u00a013,00: \u00a0<\/span><span><b>Visita guiada Centro deportivo municipal Duquesa Villahermos<\/b><\/span><span><b>a.<\/b><\/span><\/p>\n<h4><span style=\"color: #ff99cc;\"><b><u>PROGRAMACI\u00d3N POR LA TARDE<\/u><\/b><\/span><\/h4>\n<p><span style=\"font-weight: 400;\">17,00 -18,00: <\/span><span><b>Sesi\u00f3n informativa temperaturas extremas<\/b><\/span><span style=\"font-weight: 400;\"> (Centro de Salud Delicias Sur) Centro c\u00edvico, SALA 11.<\/span><\/p>\n<p><span style=\"font-weight: 400;\">17,00-18,30: <\/span><span><b>Taller scrapbooking, el arte de decorar con papel.<\/b><\/span><span style=\"font-weight: 400;\"> (Asociaci\u00f3n Vecinal Delicias \u201c<\/span><i><span style=\"font-weight: 400;\">Manuel Viola<\/span><\/i><span style=\"font-weight: 400;\">\u201d ). Centro c\u00edvico, SALA 4.<\/span><\/p>\n<p><span style=\"font-weight: 400;\">17,00-18,30:\u00a0<\/span><span><b> Taller \u201cSeguridad en el paciente<\/b><\/span><span style=\"font-weight: 400;\">\u201d (Centro de salud Univ\u00e9rsitas). Centro c\u00edvico, SALA 8.<\/span><\/p>\n<p><span style=\"font-weight: 400;\">17,00-18,30: <\/span><span><b>Gymkana familiar en el parque Delicias<\/b><\/span><span style=\"font-weight: 400;\">. (ASAPME, YMCA). Puerta Duquesa Villahermosa.<\/span><\/p>\n<p><span style=\"font-weight: 400;\">17,00-18,30: <\/span><span><b>Demostraci\u00f3n baile en l\u00ednea y sevillana<\/b><\/span><span style=\"font-weight: 400;\">s (Centros de convivencia de mayores).\u00a0 Plaza de la Convivencia.<\/span><\/p>\n<p><span style=\"font-weight: 400;\">17,30-19,00: <\/span><span><b>Juegos infantiles<\/b><\/span><span style=\"font-weight: 400;\"> (Centros de Tiempo Libre municipales).\u00a0 Plaza de la Convivencia.\u00a0<\/span><\/p>\n<p><span style=\"font-weight: 400;\">18,00-18,40 \u00a0 <\/span><b><span>Presentaci\u00f3n de la exposici\u00f3n fotogr\u00e1fica \u00abRe-conociendo Delicias\u00bb<\/span><span>(<\/span><\/b><span style=\"font-weight: 400;\">IES Portillo). Proyecto de aprendizaje y servicio IES El Portillo-Centro SocioLaboral Delicias ADUNARE.Centro c\u00edvico SALA 1<\/span><\/p>\n<p><span style=\"font-weight: 400;\">18,30-19,00: <\/span><span><b>V<\/b><\/span><span><b>isita guiada Centro deportivo municipal Duquesa Villahermosa.<\/b><\/span><\/p>\n<p><span style=\"font-weight: 400;\">19,00:\u00a0 <\/span><span><b>Cierre de la Feria y entrega de reconocimientos.<\/b><\/span><span style=\"font-weight: 400;\"> Plaza de la Convivencia<\/span><\/p>\n<h4><span style=\"color: #ff99cc;\"><b><u>ACTIVIDADES PERMANENTES DURANTE TODA LA FERIA:<\/u><\/b><\/span> Horario de 10,00 a 13,30 h y de 17,00 h a 20,00 h<\/h4>\n<p>Mesas Informativas de algunas entidades p\u00fablicas y sociales de Delicias.<\/p>\n<p>Proyecci\u00f3n del video \u00abMapeo de Activos en Delicias\u00bb.(Foro de Salud Comunitaria y Farmamundi). Centro C\u00edvico Esquinas<\/p>\n<p>Exposici\u00f3n Fotograf\u00eda \u00abRe-conociendo Delicias\u00bb IES El Portillo. Centro C\u00edvico Esquinas. Desde el 6 al 27 de mayo de 2024.<\/p>\n<p>[\/et_pb_text][et_pb_image src=\u00bbhttp:\/\/avvdelicias.org\/wp-content\/uploads\/2024\/05\/exterior.jpg\u00bb title_text=\u00bbexterior\u00bb _builder_version=\u00bb4.5.3&#8243; _module_preset=\u00bbdefault\u00bb][\/et_pb_image][et_pb_image src=\u00bbhttp:\/\/avvdelicias.org\/wp-content\/uploads\/2024\/05\/interior.jpg\u00bb title_text=\u00bbinterior\u00bb _builder_version=\u00bb4.5.3&#8243; _module_preset=\u00bbdefault\u00bb][\/et_pb_image][\/et_pb_column][\/et_pb_row][\/et_pb_section]<\/p>\n","protected":false},"excerpt":{"rendered":"<p>[et_pb_section fb_built=\u00bb1&#8243; _builder_version=\u00bb4.5.3&#8243; _module_preset=\u00bbdefault\u00bb][et_pb_row column_structure=\u00bb2_5,3_5&#8243; _builder_version=\u00bb4.5.3&#8243; _module_preset=\u00bbdefault\u00bb][et_pb_column type=\u00bb2_5&#8243; _builder_version=\u00bb4.5.3&#8243; _module_preset=\u00bbdefault\u00bb][et_pb_button button_url=\u00bbhttps:\/\/www.google.com\/maps\/d\/viewer?mid=1oGQVHNbz3PMB2xk_DCygzuPi0kRs8bs&#038;ll=41.65055314553374%2C-0.9093997198638282&#038;z=14&#8243; button_text=\u00bbMAPA DE ACTIVOS SALUD DE DELICIAS\u00bb _builder_version=\u00bb4.5.3&#8243; _module_preset=\u00bbdefault\u00bb custom_button=\u00bbon\u00bb][\/et_pb_button][et_pb_image src=\u00bbhttp:\/\/avvdelicias.org\/wp-content\/uploads\/2024\/05\/Captura-de-pantalla-2024-05-06-a-las-18.25.57.png\u00bb title_text=\u00bbCaptura de pantalla 2024-05-06 a las 18.25.57&#8243; url=\u00bbhttps:\/\/www.google.com\/maps\/d\/viewer?mid=1oGQVHNbz3PMB2xk_DCygzuPi0kRs8bs&#038;ll=41.65055314553374%2C-0.9093997198638282&#038;z=14&#8243; _builder_version=\u00bb4.5.3&#8243; _module_preset=\u00bbdefault\u00bb][\/et_pb_image][\/et_pb_column][et_pb_column type=\u00bb3_5&#8243; _builder_version=\u00bb4.5.3&#8243; _module_preset=\u00bbdefault\u00bb][et_pb_text _builder_version=\u00bb4.5.3&#8243; _module_preset=\u00bbdefault\u00bb] \u00bfQu\u00e9 es el FORO DE SALUD COMUNITARIA DE DELICIAS? El Foro de salud comunitaria Delicias est\u00e1 formado por entidades [&hellip;]<\/p>\n","protected":false},"author":2,"featured_media":6028,"comment_status":"open","ping_status":"closed","template":"","meta":{"_et_pb_use_builder":"on","_et_pb_old_content":"","_et_gb_content_width":""},"project_category":[48],"project_tag":[],"_links":{"self":[{"href":"https:\/\/avvdelicias.org\/index.php?rest_route=\/wp\/v2\/project\/6038"}],"collection":[{"href":"https:\/\/avvdelicias.org\/index.php?rest_route=\/wp\/v2\/project"}],"about":[{"href":"https:\/\/avvdelicias.org\/index.php?rest_route=\/wp\/v2\/types\/project"}],"author":[{"embeddable":true,"href":"https:\/\/avvdelicias.org\/index.php?rest_route=\/wp\/v2\/users\/2"}],"replies":[{"embeddable":true,"href":"https:\/\/avvdelicias.org\/index.php?rest_route=%2Fwp%2Fv2%2Fcomments&post=6038"}],"version-history":[{"count":9,"href":"https:\/\/avvdelicias.org\/index.php?rest_route=\/wp\/v2\/project\/6038\/revisions"}],"predecessor-version":[{"id":6074,"href":"https:\/\/avvdelicias.org\/index.php?rest_route=\/wp\/v2\/project\/6038\/revisions\/6074"}],"wp:featuredmedia":[{"embeddable":true,"href":"https:\/\/avvdelicias.org\/index.php?rest_route=\/wp\/v2\/media\/6028"}],"wp:attachment":[{"href":"https:\/\/avvdelicias.org\/index.php?rest_route=%2Fwp%2Fv2%2Fmedia&parent=6038"}],"wp:term":[{"taxonomy":"project_category","embeddable":true,"href":"https:\/\/avvdelicias.org\/index.php?rest_route=%2Fwp%2Fv2%2Fproject_category&post=6038"},{"taxonomy":"project_tag","embeddable":true,"href":"https:\/\/avvdelicias.org\/index.php?rest_route=%2Fwp%2Fv2%2Fproject_tag&post=6038"}],"curies":[{"name":"wp","href":"https:\/\/api.w.org\/{rel}","templated":true}]}}