{"id":6296,"date":"2024-10-23T16:09:25","date_gmt":"2024-10-23T16:09:25","guid":{"rendered":"https:\/\/avvdelicias.org\/?post_type=project&#038;p=6296"},"modified":"2024-10-23T16:09:27","modified_gmt":"2024-10-23T16:09:27","slug":"jornada-convivir-construyendo-espacios-comunes","status":"publish","type":"project","link":"https:\/\/avvdelicias.org\/?project=jornada-convivir-construyendo-espacios-comunes","title":{"rendered":"Jornada Convivir: Construyendo espacios comunes."},"content":{"rendered":"<p>[et_pb_section fb_built=\u00bb1&#8243; _builder_version=\u00bb4.5.3&#8243; _module_preset=\u00bbdefault\u00bb][et_pb_row _builder_version=\u00bb4.5.3&#8243; _module_preset=\u00bbdefault\u00bb column_structure=\u00bb1_2,1_2&#8243;][et_pb_column _builder_version=\u00bb4.5.3&#8243; _module_preset=\u00bbdefault\u00bb type=\u00bb1_2&#8243;][et_pb_image _builder_version=\u00bb4.5.3&#8243; _module_preset=\u00bbdefault\u00bb title_text=\u00bbPROGRAMA JORNADA CONVIVIR PARA CORREO\u00bb src=\u00bbhttp:\/\/avvdelicias.org\/wp-content\/uploads\/2024\/10\/PROGRAMA-JORNADA-CONVIVIR-PARA-CORREO.jpg\u00bb hover_enabled=\u00bb0&#8243;][\/et_pb_image][\/et_pb_column][et_pb_column _builder_version=\u00bb4.5.3&#8243; _module_preset=\u00bbdefault\u00bb type=\u00bb1_2&#8243;][et_pb_text _builder_version=\u00bb4.5.3&#8243; _module_preset=\u00bbdefault\u00bb hover_enabled=\u00bb0&#8243;]<\/p>\n<div>\u00a0<\/div>\n<div>Compartimos la informaci\u00f3n de la <strong>Jornada Convivir\u00a0en\u00a0Zaragoza,\u00a0<i>Construyendo Espacios Comunes,<\/i><\/strong> llena de innovadores contenidos para poder escuchar, aprender y compartir reflexiones acerca de la Convivencia Multicultural en todos sus aspectos. Especialmente en sus fortalezas para avanzar en la creaci\u00f3n conjunta, entre profesionales y vecin@s, de Nuevas Narrativas que promuevan espacios comunes para la promoci\u00f3n de cambios en nuestros entornos que sirvan como base para la construcci\u00f3n de\u00a0nuevos espacios de colaboraci\u00f3n, entendimiento y convivencia.<\/p>\n<h4><b>ENLACE Inscripci\u00f3n Jornada Convivir<\/b>:\u00a0\u00a0\u00a0<b><u><a href=\"https:\/\/forms.office.com\/e\/stPKWXf6Ln?origin=lprLink\">https:\/\/forms.office.com\/e\/stPKWXf6Ln?origin=lprLink<\/a><\/u><\/b><\/h4>\n<\/div>\n<div>\u00a0<\/div>\n<div><img decoding=\"async\" loading=\"lazy\" class=\"wp-image-6300 size-full alignright\" src=\"http:\/\/avvdelicias.org\/wp-content\/uploads\/2024\/10\/image005.png\" alt=\"\" width=\"245\" height=\"152\" \/><img decoding=\"async\" loading=\"lazy\" class=\"wp-image-6302 size-full alignleft\" src=\"http:\/\/avvdelicias.org\/wp-content\/uploads\/2024\/10\/image004.png\" alt=\"\" width=\"172\" height=\"144\" \/><img decoding=\"async\" loading=\"lazy\" class=\"wp-image-6301 aligncenter size-full\" src=\"http:\/\/avvdelicias.org\/wp-content\/uploads\/2024\/10\/image006.png\" alt=\"\" width=\"393\" height=\"148\" srcset=\"https:\/\/avvdelicias.org\/wp-content\/uploads\/2024\/10\/image006.png 393w, https:\/\/avvdelicias.org\/wp-content\/uploads\/2024\/10\/image006-300x113.png 300w\" sizes=\"(max-width: 393px) 100vw, 393px\" \/><\/div>\n<p>[\/et_pb_text][\/et_pb_column][\/et_pb_row][\/et_pb_section]<\/p>\n","protected":false},"excerpt":{"rendered":"<p>[et_pb_section fb_built=\u00bb1&#8243; _builder_version=\u00bb4.5.3&#8243; _module_preset=\u00bbdefault\u00bb][et_pb_row _builder_version=\u00bb4.5.3&#8243; _module_preset=\u00bbdefault\u00bb column_structure=\u00bb1_2,1_2&#8243;][et_pb_column _builder_version=\u00bb4.5.3&#8243; _module_preset=\u00bbdefault\u00bb type=\u00bb1_2&#8243;][et_pb_image _builder_version=\u00bb4.5.3&#8243; _module_preset=\u00bbdefault\u00bb title_text=\u00bbPROGRAMA JORNADA CONVIVIR PARA CORREO\u00bb src=\u00bbhttp:\/\/avvdelicias.org\/wp-content\/uploads\/2024\/10\/PROGRAMA-JORNADA-CONVIVIR-PARA-CORREO.jpg\u00bb hover_enabled=\u00bb0&#8243;][\/et_pb_image][\/et_pb_column][et_pb_column _builder_version=\u00bb4.5.3&#8243; _module_preset=\u00bbdefault\u00bb type=\u00bb1_2&#8243;][et_pb_text _builder_version=\u00bb4.5.3&#8243; _module_preset=\u00bbdefault\u00bb hover_enabled=\u00bb0&#8243;] \u00a0 Compartimos la informaci\u00f3n de la Jornada Convivir\u00a0en\u00a0Zaragoza,\u00a0Construyendo Espacios Comunes, llena de innovadores contenidos para poder escuchar, aprender y compartir reflexiones acerca de la Convivencia Multicultural en todos sus aspectos. [&hellip;]<\/p>\n","protected":false},"author":2,"featured_media":6301,"comment_status":"open","ping_status":"closed","template":"","meta":{"_et_pb_use_builder":"on","_et_pb_old_content":"","_et_gb_content_width":""},"project_category":[51],"project_tag":[],"_links":{"self":[{"href":"https:\/\/avvdelicias.org\/index.php?rest_route=\/wp\/v2\/project\/6296"}],"collection":[{"href":"https:\/\/avvdelicias.org\/index.php?rest_route=\/wp\/v2\/project"}],"about":[{"href":"https:\/\/avvdelicias.org\/index.php?rest_route=\/wp\/v2\/types\/project"}],"author":[{"embeddable":true,"href":"https:\/\/avvdelicias.org\/index.php?rest_route=\/wp\/v2\/users\/2"}],"replies":[{"embeddable":true,"href":"https:\/\/avvdelicias.org\/index.php?rest_route=%2Fwp%2Fv2%2Fcomments&post=6296"}],"version-history":[{"count":3,"href":"https:\/\/avvdelicias.org\/index.php?rest_route=\/wp\/v2\/project\/6296\/revisions"}],"predecessor-version":[{"id":6304,"href":"https:\/\/avvdelicias.org\/index.php?rest_route=\/wp\/v2\/project\/6296\/revisions\/6304"}],"wp:featuredmedia":[{"embeddable":true,"href":"https:\/\/avvdelicias.org\/index.php?rest_route=\/wp\/v2\/media\/6301"}],"wp:attachment":[{"href":"https:\/\/avvdelicias.org\/index.php?rest_route=%2Fwp%2Fv2%2Fmedia&parent=6296"}],"wp:term":[{"taxonomy":"project_category","embeddable":true,"href":"https:\/\/avvdelicias.org\/index.php?rest_route=%2Fwp%2Fv2%2Fproject_category&post=6296"},{"taxonomy":"project_tag","embeddable":true,"href":"https:\/\/avvdelicias.org\/index.php?rest_route=%2Fwp%2Fv2%2Fproject_tag&post=6296"}],"curies":[{"name":"wp","href":"https:\/\/api.w.org\/{rel}","templated":true}]}}