{"id":6392,"date":"2024-11-26T11:40:59","date_gmt":"2024-11-26T11:40:59","guid":{"rendered":"https:\/\/avvdelicias.org\/?post_type=project&#038;p=6392"},"modified":"2024-11-26T11:41:50","modified_gmt":"2024-11-26T11:41:50","slug":"borrador-automatico-11","status":"publish","type":"project","link":"https:\/\/avvdelicias.org\/?project=borrador-automatico-11","title":{"rendered":"25 N- D\u00eda Internacional para la eliminaci\u00f3n de la violencia contra las mujeres"},"content":{"rendered":"<p>[et_pb_section fb_built=\u00bb1&#8243; _builder_version=\u00bb4.5.3&#8243; _module_preset=\u00bbdefault\u00bb][et_pb_row column_structure=\u00bb1_3,1_3,1_3&#8243; _builder_version=\u00bb4.5.3&#8243; _module_preset=\u00bbdefault\u00bb][et_pb_column type=\u00bb1_3&#8243; _builder_version=\u00bb4.5.3&#8243; _module_preset=\u00bbdefault\u00bb][et_pb_image src=\u00bbhttp:\/\/avvdelicias.org\/wp-content\/uploads\/2024\/11\/Infografia-Dia-Contra-2Violencia-Mujer-moderno-rosa-azul.jpg\u00bb title_text=\u00bbInfograf\u00eda D\u00eda Contra 2Violencia Mujer moderno rosa azul\u00bb _builder_version=\u00bb4.5.3&#8243; _module_preset=\u00bbdefault\u00bb][\/et_pb_image][\/et_pb_column][et_pb_column type=\u00bb1_3&#8243; _builder_version=\u00bb4.5.3&#8243; _module_preset=\u00bbdefault\u00bb][et_pb_text _builder_version=\u00bb4.5.3&#8243; _module_preset=\u00bbdefault\u00bb]<\/p>\n<p style=\"font-weight: 400;\"><strong>MANIFIESTO DE LA ASOCIACI\u00d3N VECINAL DELICIAS<em> \u00abManuel Viola\u00bb<\/em>.<\/strong><\/p>\n<p style=\"font-weight: 400;\"><strong>D\u00eda Internacional para la Eliminaci\u00f3n de la Violencia contra la Mujer.<\/strong><\/p>\n<p style=\"font-weight: 400; text-align: justify;\">La violencia contra las mujeres no es un problema aislado, es un atentado contra los derechos humanos y la dignidad de las personas. La ONU ha alertado, que, respecto al a\u00f1o anterior, la violencia contra las mujeres y las ni\u00f1as en el mundo, en 2023 aument\u00f3 el 50% de violencia. Cada 11 minutos, una mujer es asesinada en alg\u00fan lugar del mundo a causa de la violencia. En Espa\u00f1a ya van m\u00e1s de 40 mujeres asesinadas en lo que va de a\u00f1o y 1255 desde que se tienen registros. Estas cifras estremecen y nos obligan a reflexionar sobre el impacto devastador que tiene la violencia hacia las mujeres.<\/p>\n<p style=\"font-weight: 400; text-align: justify;\">El 25 de noviembre es la fecha marcada en el calendario para recordar que miles de mujeres ya no est\u00e1n con nosotros, y las hijas e hijos que quedaron desamparados. Su ausencia es una llamada urgente a la acci\u00f3n. La violencia hacia las mujeres y las ni\u00f1as es una manifestaci\u00f3n de desigualdad profundamente arraigada, que se expresa no solo en las agresiones visibles, como el abuso f\u00edsico o sexual, sino tambi\u00e9n en formas m\u00e1s sutiles y silenciosas de discriminaci\u00f3n que incluyen el control econ\u00f3mico, la violencia psicol\u00f3gica, la desvalorizaci\u00f3n de las capacidades femeninas o la perpetuaci\u00f3n de estereotipos que relegan a las mujeres a roles subordinados contribuyendo a mantener estructuras que perpet\u00faan la desigualdad. Estas violencias no solo da\u00f1an vidas, ya que afectan f\u00edsica y psicol\u00f3gicamente a las mujeres, limitando su capacidad para vivir plenamente, desarrollarse y ejercer sus derechos, sino que tambi\u00e9n privan a la sociedad en su conjunto de los beneficios de la equidad y la justicia. \u00a0<\/p>\n<p style=\"font-weight: 400; text-align: justify;\">No podemos ni debemos permitir que estas formas de violencia sean aceptadas como algo inevitable, ni que se normalicen en las familias, en los espacios laborales, en las calles o en los discursos que buscan justificarlas, minimizarlas o desviar la atenci\u00f3n de su verdadero impacto. Cada acto de violencia, por peque\u00f1o que parezca, refuerza una cultura que perpet\u00faa la desigualdad. Solo reconociendo que estas din\u00e1micas son inaceptables y con el compromiso colectivo para su eliminaci\u00f3n, podremos avanzar hacia una sociedad verdaderamente justa en la que mujeres y ni\u00f1as puedan vivir libres para desarrollarse plenamente.<\/p>\n<p style=\"font-weight: 400; text-align: justify;\">Como cada a\u00f1o, la Asociaci\u00f3n Vecinal Delicias <strong><em>\u201cManuel Viola\u201d<\/em><\/strong> alzamos nuestra voz para denunciar y combatir la violencia que sufren las mujeres por el simple hecho de serlo.<\/p>\n<p style=\"font-weight: 400; text-align: justify;\"><strong>Por ello, manifestamos que:<\/strong><\/p>\n<ul style=\"font-weight: 400; text-align: justify;\">\n<li>Rechazamos rotundamente toda forma de violencia contra las mujeres, ya sea f\u00edsica, psicol\u00f3gica, econ\u00f3mica, sexual, simb\u00f3lica o institucional.<\/li>\n<li>Reivindicamos la importancia de la prevenci\u00f3n, la sensibilizaci\u00f3n y la educaci\u00f3n como herramientas clave para erradicar la violencia desde la ra\u00edz.<\/li>\n<li>Llamamos a los poderes p\u00fablicos a mantener una firme voluntad pol\u00edtica, con recursos suficientes y legislaci\u00f3n efectiva para prevenir la violencia y para proteger a las v\u00edctimas. La lucha contra la violencia hacia las mujeres no entiende de barreras ideol\u00f3gicas.<\/li>\n<li>Reafirmamos nuestro compromiso de seguir trabajando en el barrio para construir una comunidad justa, respetuosa y libre de violencia.<\/li>\n<\/ul>\n<ul style=\"text-align: justify;\">\n<li>Invitamos a todas las vecinas y vecinos de Delicias a unir sus voces, a no mirar hacia otro lado y a comprometerse en este esfuerzo colectivo para construir una comunidad libre de violencia, justa y respetuosa para todos y todas.<\/li>\n<\/ul>\n<p style=\"font-weight: 400; text-align: justify;\">Asociaci\u00f3n Vecinal Delicias <em><strong>\u00abManuel Viola\u00bb<\/strong>. <\/em>Zaragoza, 25 de noviembre de 2024.\u00a0<\/p>\n<p style=\"font-weight: 400; text-align: justify;\">#NoHayExcusa, #NIUNAMENOS, #QueLaVerg\u00fcenzaCambieDeBando<em>.<\/em><\/p>\n<p>[\/et_pb_text][\/et_pb_column][et_pb_column type=\u00bb1_3&#8243; _builder_version=\u00bb4.5.3&#8243; _module_preset=\u00bbdefault\u00bb][et_pb_gallery gallery_ids=\u00bb6396,6397,6398,6399,6400,6401,6402,6403,6404,6405,6407,6406&#8243; _builder_version=\u00bb4.5.3&#8243; _module_preset=\u00bbdefault\u00bb][\/et_pb_gallery][\/et_pb_column][\/et_pb_row][\/et_pb_section]<\/p>\n","protected":false},"excerpt":{"rendered":"<p>[et_pb_section fb_built=\u00bb1&#8243; _builder_version=\u00bb4.5.3&#8243; _module_preset=\u00bbdefault\u00bb][et_pb_row column_structure=\u00bb1_3,1_3,1_3&#8243; _builder_version=\u00bb4.5.3&#8243; _module_preset=\u00bbdefault\u00bb][et_pb_column type=\u00bb1_3&#8243; _builder_version=\u00bb4.5.3&#8243; _module_preset=\u00bbdefault\u00bb][et_pb_image src=\u00bbhttp:\/\/avvdelicias.org\/wp-content\/uploads\/2024\/11\/Infografia-Dia-Contra-2Violencia-Mujer-moderno-rosa-azul.jpg\u00bb title_text=\u00bbInfograf\u00eda D\u00eda Contra 2Violencia Mujer moderno rosa azul\u00bb _builder_version=\u00bb4.5.3&#8243; _module_preset=\u00bbdefault\u00bb][\/et_pb_image][\/et_pb_column][et_pb_column type=\u00bb1_3&#8243; _builder_version=\u00bb4.5.3&#8243; _module_preset=\u00bbdefault\u00bb][et_pb_text _builder_version=\u00bb4.5.3&#8243; _module_preset=\u00bbdefault\u00bb] MANIFIESTO DE LA ASOCIACI\u00d3N VECINAL DELICIAS \u00abManuel Viola\u00bb. D\u00eda Internacional para la Eliminaci\u00f3n de la Violencia contra la Mujer. La violencia contra las mujeres no es un problema aislado, [&hellip;]<\/p>\n","protected":false},"author":2,"featured_media":6395,"comment_status":"open","ping_status":"closed","template":"","meta":{"_et_pb_use_builder":"on","_et_pb_old_content":"","_et_gb_content_width":""},"project_category":[59,48],"project_tag":[],"_links":{"self":[{"href":"https:\/\/avvdelicias.org\/index.php?rest_route=\/wp\/v2\/project\/6392"}],"collection":[{"href":"https:\/\/avvdelicias.org\/index.php?rest_route=\/wp\/v2\/project"}],"about":[{"href":"https:\/\/avvdelicias.org\/index.php?rest_route=\/wp\/v2\/types\/project"}],"author":[{"embeddable":true,"href":"https:\/\/avvdelicias.org\/index.php?rest_route=\/wp\/v2\/users\/2"}],"replies":[{"embeddable":true,"href":"https:\/\/avvdelicias.org\/index.php?rest_route=%2Fwp%2Fv2%2Fcomments&post=6392"}],"version-history":[{"count":5,"href":"https:\/\/avvdelicias.org\/index.php?rest_route=\/wp\/v2\/project\/6392\/revisions"}],"predecessor-version":[{"id":6411,"href":"https:\/\/avvdelicias.org\/index.php?rest_route=\/wp\/v2\/project\/6392\/revisions\/6411"}],"wp:featuredmedia":[{"embeddable":true,"href":"https:\/\/avvdelicias.org\/index.php?rest_route=\/wp\/v2\/media\/6395"}],"wp:attachment":[{"href":"https:\/\/avvdelicias.org\/index.php?rest_route=%2Fwp%2Fv2%2Fmedia&parent=6392"}],"wp:term":[{"taxonomy":"project_category","embeddable":true,"href":"https:\/\/avvdelicias.org\/index.php?rest_route=%2Fwp%2Fv2%2Fproject_category&post=6392"},{"taxonomy":"project_tag","embeddable":true,"href":"https:\/\/avvdelicias.org\/index.php?rest_route=%2Fwp%2Fv2%2Fproject_tag&post=6392"}],"curies":[{"name":"wp","href":"https:\/\/api.w.org\/{rel}","templated":true}]}}